{"id":6100,"date":"2023-10-27T03:11:38","date_gmt":"2023-10-27T03:11:38","guid":{"rendered":"https:\/\/ccrl-clrc.ca\/project\/la-litteratie-religieuse-et-les-experiences-vecues-de-la-croyance-et-de-lincroyance\/"},"modified":"2023-10-27T03:11:38","modified_gmt":"2023-10-27T03:11:38","slug":"la-litteratie-religieuse-et-les-experiences-vecues-de-la-croyance-et-de-lincroyance","status":"publish","type":"project","link":"https:\/\/ccrl-clrc.ca\/fr\/project\/la-litteratie-religieuse-et-les-experiences-vecues-de-la-croyance-et-de-lincroyance\/","title":{"rendered":"La litt\u00e9ratie religieuse et les exp\u00e9riences v\u00e9cues de la croyance et de l&rsquo;incroyance"},"content":{"rendered":"<p>&nbsp;<\/p>\n<p>Le philosophe Charles Taylor estime qu&rsquo;il est important de se pencher sur les diff\u00e9rentes fa\u00e7ons dont les religieux ou spirituels et les non-croyants per\u00e7oivent le monde. Dans son livre <em>A Secular Age <\/em>(2007), il retrace le passage de la soci\u00e9t\u00e9 occidentale d&rsquo;une situation o\u00f9 la croyance en Dieu \u00e9tait incontest\u00e9e \u00e0 une situation o\u00f9 elle n&rsquo;est plus qu&rsquo;une option parmi d&rsquo;autres. Pour donner un sens \u00e0 notre \u00e9poque s\u00e9culaire actuelle, Taylor affirme que nous devons appr\u00e9cier \u00ab\u00a0les diff\u00e9rents types d&rsquo;exp\u00e9rience v\u00e9cue impliqu\u00e9s dans la compr\u00e9hension\u00a0\u00bb.  [one\u2019s]  la vie&#8230; en tant que croyant ou non-croyant\u00a0\u00bb. La distinction entre ces exp\u00e9riences v\u00e9cues d\u00e9coule en partie de l&rsquo;identification par chaque groupe des conditions dans lesquelles leur vie est plus pleine ou plus digne d&rsquo;int\u00e9r\u00eat. Les croyants, selon Taylor, d\u00e9finissent leur lieu de pl\u00e9nitude en r\u00e9f\u00e9rence \u00e0 Dieu ou \u00e0 une source spirituelle ext\u00e9rieure. Pour les non-croyants modernes, en revanche, le \u00ab\u00a0pouvoir d&rsquo;atteindre la pl\u00e9nitude se trouve \u00e0 l&rsquo;int\u00e9rieur\u00a0\u00bb.<\/p>\n<p>En tant que professeur de droit, je pense que l&rsquo;apprentissage des traditions religieuses et des visions du monde peut am\u00e9liorer la capacit\u00e9 des juristes \u00e0 servir les individus issus des diverses communaut\u00e9s religieuses et culturelles du Canada. Un certain degr\u00e9 de connaissance religieuse peut \u00eatre particuli\u00e8rement utile lorsqu&rsquo;un juriste donne des conseils sur des r\u00e8gles juridiques qui mettent en jeu la libert\u00e9 de conscience et de religion d&rsquo;un client, ou sa libert\u00e9 d&rsquo;association. C&rsquo;est pourquoi l&rsquo;un des objectifs de mon s\u00e9minaire sur le droit et la religion \u00e0 l&rsquo;universit\u00e9 de Victoria est d&rsquo;am\u00e9liorer la litt\u00e9ratie religieuse de mes \u00e9tudiants.  Dans ce contexte, la <a href=\"https:\/\/alicechan.org\/rl\/\">litt\u00e9ratie religieuse<\/a> peut signifier la connaissance des principes fondamentaux des principales traditions religieuses et spirituelles du monde et une certaine appr\u00e9ciation de la complexit\u00e9 de leurs pratiques et croyances. Cependant, il peut \u00eatre tout aussi important pour les juristes en herbe de s&rsquo;attaquer aux diff\u00e9rentes fa\u00e7ons dont les croyants et les non-croyants per\u00e7oivent le monde.<\/p>\n<p>&nbsp;<\/p>\n<h2>Comprendre les autres \u00e0 travers des histoires<\/h2>\n<p>&nbsp;<\/p>\n<p><img data-recalc-dims=\"1\" loading=\"lazy\" decoding=\"async\" class=\"alignleft wp-image-5060 size-medium\" src=\"https:\/\/i0.wp.com\/ccrl-clrc.ca\/wp-content\/uploads\/2023\/06\/josh-calabrese-qmnpqDwla_E-unsplash.jpg?resize=300%2C200&#038;ssl=1\" alt=\"Regarder \u00e0 travers les lunettes et les lentilles de quelqu'un d'autre\" width=\"300\" height=\"200\" srcset=\"https:\/\/i0.wp.com\/ccrl-clrc.ca\/wp-content\/uploads\/2023\/06\/josh-calabrese-qmnpqDwla_E-unsplash.jpg?resize=300%2C200&amp;ssl=1 300w, https:\/\/i0.wp.com\/ccrl-clrc.ca\/wp-content\/uploads\/2023\/06\/josh-calabrese-qmnpqDwla_E-unsplash.jpg?resize=1024%2C683&amp;ssl=1 1024w, https:\/\/i0.wp.com\/ccrl-clrc.ca\/wp-content\/uploads\/2023\/06\/josh-calabrese-qmnpqDwla_E-unsplash.jpg?resize=768%2C512&amp;ssl=1 768w, https:\/\/i0.wp.com\/ccrl-clrc.ca\/wp-content\/uploads\/2023\/06\/josh-calabrese-qmnpqDwla_E-unsplash.jpg?resize=1536%2C1024&amp;ssl=1 1536w, https:\/\/i0.wp.com\/ccrl-clrc.ca\/wp-content\/uploads\/2023\/06\/josh-calabrese-qmnpqDwla_E-unsplash.jpg?resize=2048%2C1365&amp;ssl=1 2048w, https:\/\/i0.wp.com\/ccrl-clrc.ca\/wp-content\/uploads\/2023\/06\/josh-calabrese-qmnpqDwla_E-unsplash.jpg?resize=1200%2C800&amp;ssl=1 1200w, https:\/\/i0.wp.com\/ccrl-clrc.ca\/wp-content\/uploads\/2023\/06\/josh-calabrese-qmnpqDwla_E-unsplash.jpg?resize=648%2C432&amp;ssl=1 648w, https:\/\/i0.wp.com\/ccrl-clrc.ca\/wp-content\/uploads\/2023\/06\/josh-calabrese-qmnpqDwla_E-unsplash.jpg?resize=288%2C192&amp;ssl=1 288w, https:\/\/i0.wp.com\/ccrl-clrc.ca\/wp-content\/uploads\/2023\/06\/josh-calabrese-qmnpqDwla_E-unsplash.jpg?w=2160&amp;ssl=1 2160w, https:\/\/i0.wp.com\/ccrl-clrc.ca\/wp-content\/uploads\/2023\/06\/josh-calabrese-qmnpqDwla_E-unsplash.jpg?w=3240&amp;ssl=1 3240w\" sizes=\"auto, (max-width: 300px) 100vw, 300px\" \/>Les histoires sont des outils importants pour am\u00e9liorer la litt\u00e9ratie religieuse. Les universitaires qui enseignent les \u00e9tudes religieuses dans divers contextes post-secondaires ont mis en \u00e9vidence les avantages qu&rsquo;il y a \u00e0 <a href=\"https:\/\/thewire.in\/religion\/when-storytelling-becomes-a-pedagogical-tool\">plonger les \u00e9tudiants dans une \u00ab\u00a0exp\u00e9rience historique\u00a0\u00bb, puis \u00e0 \u00ab\u00a0s&rsquo;en remettre \u00e0 l&rsquo;esprit analytique\u00a0\u00bb<\/a> pour d\u00e9cortiquer les id\u00e9ologies et les r\u00e9cits contenus dans cette exp\u00e9rience. Les d\u00e9cisions rapport\u00e9es qui constituent la jurisprudence du Canada en mati\u00e8re de libert\u00e9 de religion sont une riche source d&rsquo;histoires sur les communaut\u00e9s religieuses du Canada. Dans le cadre de mon s\u00e9minaire sur le droit et la religion, j&rsquo;utilise ces histoires pour permettre aux \u00e9tudiants d&rsquo;explorer des traditions et des pratiques religieuses qui ne leur sont pas famili\u00e8res.<\/p>\n<p>&nbsp;<\/p>\n<h2>Une histoire sur l&rsquo;exp\u00e9rience v\u00e9cue de la croyance<\/h2>\n<p>&nbsp;<\/p>\n<p>La d\u00e9cision de la Cour supr\u00eame du Canada dans l&rsquo;affaire <a href=\"https:\/\/scc-csc.lexum.com\/scc-csc\/scc-csc\/en\/item\/7795\/index.do\"><br \/>\n  <em>A.C. c. Manitoba<\/em><br \/>\n<\/a> raconte une histoire qui aide les \u00e9l\u00e8ves \u00e0 comprendre les diff\u00e9rentes exp\u00e9riences v\u00e9cues par les croyants et les non-croyants. En avril 2006, une adolescente de 14 ans s&rsquo;est rendue dans un h\u00f4pital de Winnipeg pour y recevoir un traitement contre la maladie de Crohn. \u00ab\u00a0A.C.\u00a0\u00bb a d\u00e9clar\u00e9 au personnel de l&rsquo;h\u00f4pital qu&rsquo;elle faisait partie des T\u00e9moins de J\u00e9hovah et qu&rsquo;elle ne consentirait pas \u00e0 des transfusions sanguines, en raison de sa croyance en l&rsquo;injonction biblique de s&rsquo;abstenir de sang. La l\u00e9gislation applicable, la <em>loi sur les services \u00e0 l&rsquo;enfance et \u00e0 la famille, <\/em>a \u00e9tabli une pr\u00e9somption r\u00e9futable d&rsquo;incapacit\u00e9 pour les patients \u00e2g\u00e9s de moins de 16 ans. Bien qu&rsquo;ayant constat\u00e9 qu&rsquo;AC \u00e9tait une personne capable de refuser un traitement m\u00e9dical, le juge de premi\u00e8re instance a accord\u00e9 au directeur des services \u00e0 l&rsquo;enfance et \u00e0 la famille une ordonnance de traitement autorisant des transfusions sanguines forc\u00e9es. AC a fait appel de cette d\u00e9cision devant la Cour supr\u00eame du Canada, arguant en vain que la loi \u00e9tait inconstitutionnelle parce qu&rsquo;elle l&#8217;emp\u00eachait de refuser un traitement m\u00e9dical contraire \u00e0 ses convictions religieuses.<\/p>\n<p><em>AC v Manitoba <\/em>est une d\u00e9cision compliqu\u00e9e, qui soul\u00e8ve des questions sur la capacit\u00e9 des mineurs matures et la protection constitutionnelle de la vie, de la libert\u00e9 et de la libert\u00e9 religieuse. Dans mon cours de s\u00e9minaire, cependant, j&rsquo;utilise la d\u00e9cision principalement comme une lentille \u00e0 travers laquelle je pose des questions sur la rationalit\u00e9 et sa relation avec la croyance. Nombre de mes \u00e9tudiants \u00e0 l&rsquo;universit\u00e9 de Victoria sont des <a href=\"https:\/\/www.cmacan.org\/religious-nones\/\">\u00ab\u00a0nones<\/a> \u00a0\u00bb religieux &#8211; des personnes qui se disent sans religion &#8211; qui ont \u00e9t\u00e9 \u00e9lev\u00e9s dans des foyers non religieux. Pour les \u00e9tudiants de ce point de vue, la d\u00e9cision d&rsquo;AC de refuser un traitement potentiellement salvateur peut sembler irrationnelle \u00e0 premi\u00e8re vue. Cependant, \u00e0 mesure que nous analysons les visions du monde et les croyances des T\u00e9moins de J\u00e9hovah, le caract\u00e8re de la d\u00e9cision de l&rsquo;AC et la justification de l&rsquo;intervention de la Cour deviennent plus contest\u00e9s et plus complexes. Qui pourrait dire qu&rsquo;il est irrationnel de renoncer \u00e0 une p\u00e9riode limit\u00e9e de l&rsquo;existence terrestre en \u00e9change de la vie \u00e9ternelle ?<\/p>\n<p>Cela fait donc partie du travail de la litt\u00e9ratie religieuse dans les facult\u00e9s de droit : inciter les \u00e9tudiants \u00e0 r\u00e9fl\u00e9chir aux concepts fondamentaux de la logique et de la rationalit\u00e9 du point de vue de diff\u00e9rentes visions du monde. Dans une soci\u00e9t\u00e9 diversifi\u00e9e, l&rsquo;am\u00e9lioration de la litt\u00e9ratie religieuse peut nous aider tous &#8211; juristes et non-juristes &#8211; \u00e0 int\u00e9grer la reconnaissance de diff\u00e9rents types d&rsquo;exp\u00e9riences v\u00e9cues dans notre prise de d\u00e9cision et notre travail.<\/p>\n","protected":false},"excerpt":{"rendered":"<p>&nbsp; Le philosophe Charles Taylor estime qu&rsquo;il est important de se pencher sur les diff\u00e9rentes fa\u00e7ons dont les religieux ou spirituels et les non-croyants per\u00e7oivent le monde. Dans son livre A Secular Age (2007), il retrace le passage de la soci\u00e9t\u00e9 occidentale d&rsquo;une situation o\u00f9 la croyance en Dieu \u00e9tait incontest\u00e9e \u00e0 une situation o\u00f9 [&hellip;]<\/p>\n","protected":false},"author":145982150,"featured_media":5053,"comment_status":"closed","ping_status":"closed","template":"","meta":{"_acf_changed":false,"_et_pb_use_builder":"","_et_pb_old_content":"","_et_gb_content_width":"","_coblocks_attr":"","_coblocks_dimensions":"","_coblocks_responsive_height":"","_coblocks_accordion_ie_support":"","_crdt_document":"","footnotes":""},"project_category":[36032],"project_tag":[],"class_list":["post-6100","project","type-project","status-publish","has-post-thumbnail","hentry","project_category-le-coin-de-la-pensee"],"acf":[],"yoast_head":"<!-- This site is optimized with the Yoast SEO plugin v27.4 - https:\/\/yoast.com\/product\/yoast-seo-wordpress\/ -->\n<title>La litt\u00e9ratie religieuse et les exp\u00e9riences v\u00e9cues de la croyance et de l&#039;incroyance - Le centre de litt\u00e9ratie religieuse civique<\/title>\n<meta name=\"robots\" content=\"index, follow, max-snippet:-1, max-image-preview:large, max-video-preview:-1\" \/>\n<link rel=\"canonical\" href=\"https:\/\/ccrl-clrc.ca\/fr\/project\/la-litteratie-religieuse-et-les-experiences-vecues-de-la-croyance-et-de-lincroyance\/\" \/>\n<meta property=\"og:locale\" content=\"fr_FR\" \/>\n<meta property=\"og:type\" content=\"article\" \/>\n<meta property=\"og:title\" content=\"La litt\u00e9ratie religieuse et les exp\u00e9riences v\u00e9cues de la croyance et de l&#039;incroyance - Le centre de litt\u00e9ratie religieuse civique\" \/>\n<meta property=\"og:description\" content=\"&nbsp; Le philosophe Charles Taylor estime qu&rsquo;il est important de se pencher sur les diff\u00e9rentes fa\u00e7ons dont les religieux ou spirituels et les non-croyants per\u00e7oivent le monde. Dans son livre A Secular Age (2007), il retrace le passage de la soci\u00e9t\u00e9 occidentale d&rsquo;une situation o\u00f9 la croyance en Dieu \u00e9tait incontest\u00e9e \u00e0 une situation o\u00f9 [&hellip;]\" \/>\n<meta property=\"og:url\" content=\"https:\/\/ccrl-clrc.ca\/fr\/project\/la-litteratie-religieuse-et-les-experiences-vecues-de-la-croyance-et-de-lincroyance\/\" \/>\n<meta property=\"og:site_name\" content=\"Le centre de litt\u00e9ratie religieuse civique\" \/>\n<meta property=\"article:publisher\" content=\"https:\/\/www.facebook.com\/The-Centre-for-Civic-Religious-Literacy-2033697073383562\/\" \/>\n<meta property=\"og:image\" content=\"https:\/\/ccrl-clrc.ca\/wp-content\/uploads\/2023\/06\/josh-calabrese-qmnpqDwla_E-unsplash-300x200.jpg\" \/>\n<meta name=\"twitter:card\" content=\"summary_large_image\" \/>\n<meta name=\"twitter:site\" content=\"@CcrlClrc\" \/>\n<meta name=\"twitter:label1\" content=\"Dur\u00e9e de lecture estim\u00e9e\" \/>\n\t<meta name=\"twitter:data1\" content=\"5 minutes\" \/>\n<script type=\"application\/ld+json\" class=\"yoast-schema-graph\">{\"@context\":\"https:\\\/\\\/schema.org\",\"@graph\":[{\"@type\":\"WebPage\",\"@id\":\"https:\\\/\\\/ccrl-clrc.ca\\\/fr\\\/project\\\/la-litteratie-religieuse-et-les-experiences-vecues-de-la-croyance-et-de-lincroyance\\\/\",\"url\":\"https:\\\/\\\/ccrl-clrc.ca\\\/fr\\\/project\\\/la-litteratie-religieuse-et-les-experiences-vecues-de-la-croyance-et-de-lincroyance\\\/\",\"name\":\"La litt\u00e9ratie religieuse et les exp\u00e9riences v\u00e9cues de la croyance et de l'incroyance - Le centre de litt\u00e9ratie religieuse civique\",\"isPartOf\":{\"@id\":\"https:\\\/\\\/ccrl-clrc.ca\\\/fr\\\/#website\"},\"primaryImageOfPage\":{\"@id\":\"https:\\\/\\\/ccrl-clrc.ca\\\/fr\\\/project\\\/la-litteratie-religieuse-et-les-experiences-vecues-de-la-croyance-et-de-lincroyance\\\/#primaryimage\"},\"image\":{\"@id\":\"https:\\\/\\\/ccrl-clrc.ca\\\/fr\\\/project\\\/la-litteratie-religieuse-et-les-experiences-vecues-de-la-croyance-et-de-lincroyance\\\/#primaryimage\"},\"thumbnailUrl\":\"https:\\\/\\\/i0.wp.com\\\/ccrl-clrc.ca\\\/wp-content\\\/uploads\\\/2023\\\/06\\\/kamil-pietrzak-UxEdY828JVE-unsplash.jpg?fit=2853%2C1902&ssl=1\",\"datePublished\":\"2023-10-27T03:11:38+00:00\",\"breadcrumb\":{\"@id\":\"https:\\\/\\\/ccrl-clrc.ca\\\/fr\\\/project\\\/la-litteratie-religieuse-et-les-experiences-vecues-de-la-croyance-et-de-lincroyance\\\/#breadcrumb\"},\"inLanguage\":\"fr-FR\",\"potentialAction\":[{\"@type\":\"ReadAction\",\"target\":[\"https:\\\/\\\/ccrl-clrc.ca\\\/fr\\\/project\\\/la-litteratie-religieuse-et-les-experiences-vecues-de-la-croyance-et-de-lincroyance\\\/\"]}]},{\"@type\":\"ImageObject\",\"inLanguage\":\"fr-FR\",\"@id\":\"https:\\\/\\\/ccrl-clrc.ca\\\/fr\\\/project\\\/la-litteratie-religieuse-et-les-experiences-vecues-de-la-croyance-et-de-lincroyance\\\/#primaryimage\",\"url\":\"https:\\\/\\\/i0.wp.com\\\/ccrl-clrc.ca\\\/wp-content\\\/uploads\\\/2023\\\/06\\\/kamil-pietrzak-UxEdY828JVE-unsplash.jpg?fit=2853%2C1902&ssl=1\",\"contentUrl\":\"https:\\\/\\\/i0.wp.com\\\/ccrl-clrc.ca\\\/wp-content\\\/uploads\\\/2023\\\/06\\\/kamil-pietrzak-UxEdY828JVE-unsplash.jpg?fit=2853%2C1902&ssl=1\",\"width\":2853,\"height\":1902,\"caption\":\"Two people skydiving\"},{\"@type\":\"BreadcrumbList\",\"@id\":\"https:\\\/\\\/ccrl-clrc.ca\\\/fr\\\/project\\\/la-litteratie-religieuse-et-les-experiences-vecues-de-la-croyance-et-de-lincroyance\\\/#breadcrumb\",\"itemListElement\":[{\"@type\":\"ListItem\",\"position\":1,\"name\":\"Accueil\",\"item\":\"https:\\\/\\\/ccrl-clrc.ca\\\/fr\\\/le-centre-de-litteratie-religieuse-civique-2\\\/\"},{\"@type\":\"ListItem\",\"position\":2,\"name\":\"Projets\",\"item\":\"https:\\\/\\\/ccrl-clrc.ca\\\/fr\\\/project\\\/\"},{\"@type\":\"ListItem\",\"position\":3,\"name\":\"La litt\u00e9ratie religieuse et les exp\u00e9riences v\u00e9cues de la croyance et de l&#8217;incroyance\"}]},{\"@type\":\"WebSite\",\"@id\":\"https:\\\/\\\/ccrl-clrc.ca\\\/fr\\\/#website\",\"url\":\"https:\\\/\\\/ccrl-clrc.ca\\\/fr\\\/\",\"name\":\"Le centre de litt\u00e9ratie religieuse civique\",\"description\":\"Pour la promotion de la compr\u00e9hension au Canada\",\"publisher\":{\"@id\":\"https:\\\/\\\/ccrl-clrc.ca\\\/fr\\\/#organization\"},\"potentialAction\":[{\"@type\":\"SearchAction\",\"target\":{\"@type\":\"EntryPoint\",\"urlTemplate\":\"https:\\\/\\\/ccrl-clrc.ca\\\/fr\\\/?s={search_term_string}\"},\"query-input\":{\"@type\":\"PropertyValueSpecification\",\"valueRequired\":true,\"valueName\":\"search_term_string\"}}],\"inLanguage\":\"fr-FR\"},{\"@type\":\"Organization\",\"@id\":\"https:\\\/\\\/ccrl-clrc.ca\\\/fr\\\/#organization\",\"name\":\"Le centre de litt\u00e9ratie religieuse civique\",\"url\":\"https:\\\/\\\/ccrl-clrc.ca\\\/fr\\\/\",\"logo\":{\"@type\":\"ImageObject\",\"inLanguage\":\"fr-FR\",\"@id\":\"https:\\\/\\\/ccrl-clrc.ca\\\/fr\\\/#\\\/schema\\\/logo\\\/image\\\/\",\"url\":\"https:\\\/\\\/i2.wp.com\\\/ccrl-clrc.ca\\\/wp-content\\\/uploads\\\/2018\\\/10\\\/ccrl_logo.png?fit=1849%2C256&ssl=1\",\"contentUrl\":\"https:\\\/\\\/i2.wp.com\\\/ccrl-clrc.ca\\\/wp-content\\\/uploads\\\/2018\\\/10\\\/ccrl_logo.png?fit=1849%2C256&ssl=1\",\"width\":1849,\"height\":256,\"caption\":\"Le centre de litt\u00e9ratie religieuse civique\"},\"image\":{\"@id\":\"https:\\\/\\\/ccrl-clrc.ca\\\/fr\\\/#\\\/schema\\\/logo\\\/image\\\/\"},\"sameAs\":[\"https:\\\/\\\/www.facebook.com\\\/The-Centre-for-Civic-Religious-Literacy-2033697073383562\\\/\",\"https:\\\/\\\/x.com\\\/CcrlClrc\",\"https:\\\/\\\/www.instagram.com\\\/ccrl.clrc\\\/\",\"https:\\\/\\\/www.linkedin.com\\\/company\\\/ccrl-clrc\\\/\"]}]}<\/script>\n<!-- \/ Yoast SEO plugin. -->","yoast_head_json":{"title":"La litt\u00e9ratie religieuse et les exp\u00e9riences v\u00e9cues de la croyance et de l'incroyance - Le centre de litt\u00e9ratie religieuse civique","robots":{"index":"index","follow":"follow","max-snippet":"max-snippet:-1","max-image-preview":"max-image-preview:large","max-video-preview":"max-video-preview:-1"},"canonical":"https:\/\/ccrl-clrc.ca\/fr\/project\/la-litteratie-religieuse-et-les-experiences-vecues-de-la-croyance-et-de-lincroyance\/","og_locale":"fr_FR","og_type":"article","og_title":"La litt\u00e9ratie religieuse et les exp\u00e9riences v\u00e9cues de la croyance et de l'incroyance - Le centre de litt\u00e9ratie religieuse civique","og_description":"&nbsp; Le philosophe Charles Taylor estime qu&rsquo;il est important de se pencher sur les diff\u00e9rentes fa\u00e7ons dont les religieux ou spirituels et les non-croyants per\u00e7oivent le monde. Dans son livre A Secular Age (2007), il retrace le passage de la soci\u00e9t\u00e9 occidentale d&rsquo;une situation o\u00f9 la croyance en Dieu \u00e9tait incontest\u00e9e \u00e0 une situation o\u00f9 [&hellip;]","og_url":"https:\/\/ccrl-clrc.ca\/fr\/project\/la-litteratie-religieuse-et-les-experiences-vecues-de-la-croyance-et-de-lincroyance\/","og_site_name":"Le centre de litt\u00e9ratie religieuse civique","article_publisher":"https:\/\/www.facebook.com\/The-Centre-for-Civic-Religious-Literacy-2033697073383562\/","og_image":[{"url":"https:\/\/ccrl-clrc.ca\/wp-content\/uploads\/2023\/06\/josh-calabrese-qmnpqDwla_E-unsplash-300x200.jpg","type":"","width":"","height":""}],"twitter_card":"summary_large_image","twitter_site":"@CcrlClrc","twitter_misc":{"Dur\u00e9e de lecture estim\u00e9e":"5 minutes"},"schema":{"@context":"https:\/\/schema.org","@graph":[{"@type":"WebPage","@id":"https:\/\/ccrl-clrc.ca\/fr\/project\/la-litteratie-religieuse-et-les-experiences-vecues-de-la-croyance-et-de-lincroyance\/","url":"https:\/\/ccrl-clrc.ca\/fr\/project\/la-litteratie-religieuse-et-les-experiences-vecues-de-la-croyance-et-de-lincroyance\/","name":"La litt\u00e9ratie religieuse et les exp\u00e9riences v\u00e9cues de la croyance et de l'incroyance - Le centre de litt\u00e9ratie religieuse civique","isPartOf":{"@id":"https:\/\/ccrl-clrc.ca\/fr\/#website"},"primaryImageOfPage":{"@id":"https:\/\/ccrl-clrc.ca\/fr\/project\/la-litteratie-religieuse-et-les-experiences-vecues-de-la-croyance-et-de-lincroyance\/#primaryimage"},"image":{"@id":"https:\/\/ccrl-clrc.ca\/fr\/project\/la-litteratie-religieuse-et-les-experiences-vecues-de-la-croyance-et-de-lincroyance\/#primaryimage"},"thumbnailUrl":"https:\/\/i0.wp.com\/ccrl-clrc.ca\/wp-content\/uploads\/2023\/06\/kamil-pietrzak-UxEdY828JVE-unsplash.jpg?fit=2853%2C1902&ssl=1","datePublished":"2023-10-27T03:11:38+00:00","breadcrumb":{"@id":"https:\/\/ccrl-clrc.ca\/fr\/project\/la-litteratie-religieuse-et-les-experiences-vecues-de-la-croyance-et-de-lincroyance\/#breadcrumb"},"inLanguage":"fr-FR","potentialAction":[{"@type":"ReadAction","target":["https:\/\/ccrl-clrc.ca\/fr\/project\/la-litteratie-religieuse-et-les-experiences-vecues-de-la-croyance-et-de-lincroyance\/"]}]},{"@type":"ImageObject","inLanguage":"fr-FR","@id":"https:\/\/ccrl-clrc.ca\/fr\/project\/la-litteratie-religieuse-et-les-experiences-vecues-de-la-croyance-et-de-lincroyance\/#primaryimage","url":"https:\/\/i0.wp.com\/ccrl-clrc.ca\/wp-content\/uploads\/2023\/06\/kamil-pietrzak-UxEdY828JVE-unsplash.jpg?fit=2853%2C1902&ssl=1","contentUrl":"https:\/\/i0.wp.com\/ccrl-clrc.ca\/wp-content\/uploads\/2023\/06\/kamil-pietrzak-UxEdY828JVE-unsplash.jpg?fit=2853%2C1902&ssl=1","width":2853,"height":1902,"caption":"Two people skydiving"},{"@type":"BreadcrumbList","@id":"https:\/\/ccrl-clrc.ca\/fr\/project\/la-litteratie-religieuse-et-les-experiences-vecues-de-la-croyance-et-de-lincroyance\/#breadcrumb","itemListElement":[{"@type":"ListItem","position":1,"name":"Accueil","item":"https:\/\/ccrl-clrc.ca\/fr\/le-centre-de-litteratie-religieuse-civique-2\/"},{"@type":"ListItem","position":2,"name":"Projets","item":"https:\/\/ccrl-clrc.ca\/fr\/project\/"},{"@type":"ListItem","position":3,"name":"La litt\u00e9ratie religieuse et les exp\u00e9riences v\u00e9cues de la croyance et de l&#8217;incroyance"}]},{"@type":"WebSite","@id":"https:\/\/ccrl-clrc.ca\/fr\/#website","url":"https:\/\/ccrl-clrc.ca\/fr\/","name":"Le centre de litt\u00e9ratie religieuse civique","description":"Pour la promotion de la compr\u00e9hension au Canada","publisher":{"@id":"https:\/\/ccrl-clrc.ca\/fr\/#organization"},"potentialAction":[{"@type":"SearchAction","target":{"@type":"EntryPoint","urlTemplate":"https:\/\/ccrl-clrc.ca\/fr\/?s={search_term_string}"},"query-input":{"@type":"PropertyValueSpecification","valueRequired":true,"valueName":"search_term_string"}}],"inLanguage":"fr-FR"},{"@type":"Organization","@id":"https:\/\/ccrl-clrc.ca\/fr\/#organization","name":"Le centre de litt\u00e9ratie religieuse civique","url":"https:\/\/ccrl-clrc.ca\/fr\/","logo":{"@type":"ImageObject","inLanguage":"fr-FR","@id":"https:\/\/ccrl-clrc.ca\/fr\/#\/schema\/logo\/image\/","url":"https:\/\/i2.wp.com\/ccrl-clrc.ca\/wp-content\/uploads\/2018\/10\/ccrl_logo.png?fit=1849%2C256&ssl=1","contentUrl":"https:\/\/i2.wp.com\/ccrl-clrc.ca\/wp-content\/uploads\/2018\/10\/ccrl_logo.png?fit=1849%2C256&ssl=1","width":1849,"height":256,"caption":"Le centre de litt\u00e9ratie religieuse civique"},"image":{"@id":"https:\/\/ccrl-clrc.ca\/fr\/#\/schema\/logo\/image\/"},"sameAs":["https:\/\/www.facebook.com\/The-Centre-for-Civic-Religious-Literacy-2033697073383562\/","https:\/\/x.com\/CcrlClrc","https:\/\/www.instagram.com\/ccrl.clrc\/","https:\/\/www.linkedin.com\/company\/ccrl-clrc\/"]}]}},"jetpack_likes_enabled":true,"jetpack_sharing_enabled":true,"_links":{"self":[{"href":"https:\/\/ccrl-clrc.ca\/fr\/wp-json\/wp\/v2\/project\/6100","targetHints":{"allow":["GET"]}}],"collection":[{"href":"https:\/\/ccrl-clrc.ca\/fr\/wp-json\/wp\/v2\/project"}],"about":[{"href":"https:\/\/ccrl-clrc.ca\/fr\/wp-json\/wp\/v2\/types\/project"}],"author":[{"embeddable":true,"href":"https:\/\/ccrl-clrc.ca\/fr\/wp-json\/wp\/v2\/users\/145982150"}],"replies":[{"embeddable":true,"href":"https:\/\/ccrl-clrc.ca\/fr\/wp-json\/wp\/v2\/comments?post=6100"}],"version-history":[{"count":0,"href":"https:\/\/ccrl-clrc.ca\/fr\/wp-json\/wp\/v2\/project\/6100\/revisions"}],"wp:featuredmedia":[{"embeddable":true,"href":"https:\/\/ccrl-clrc.ca\/fr\/wp-json\/wp\/v2\/media\/5053"}],"wp:attachment":[{"href":"https:\/\/ccrl-clrc.ca\/fr\/wp-json\/wp\/v2\/media?parent=6100"}],"wp:term":[{"taxonomy":"project_category","embeddable":true,"href":"https:\/\/ccrl-clrc.ca\/fr\/wp-json\/wp\/v2\/project_category?post=6100"},{"taxonomy":"project_tag","embeddable":true,"href":"https:\/\/ccrl-clrc.ca\/fr\/wp-json\/wp\/v2\/project_tag?post=6100"}],"curies":[{"name":"wp","href":"https:\/\/api.w.org\/{rel}","templated":true}]}}