{"id":4646,"date":"2022-08-22T17:04:24","date_gmt":"2022-08-22T17:04:24","guid":{"rendered":"https:\/\/ccrl-clrc.ca\/reseau-des-jeunes-pour-leducation-civique\/"},"modified":"2024-11-08T20:51:06","modified_gmt":"2024-11-08T20:51:06","slug":"rjec","status":"publish","type":"page","link":"https:\/\/ccrl-clrc.ca\/fr\/rjec\/","title":{"rendered":"R\u00e9seau des jeunes pour l&rsquo;\u00e9ducation civique"},"content":{"rendered":"<h1 style=\"text-align: center;\">R\u00e9seau des jeunes pour l&rsquo;\u00e9ducation civique (RJEC):<\/h1>\n<h1 style=\"text-align: center;\">Engagement et comp\u00e9tences pour discuter, analyser et contrer le racisme et la discrimination religieuse<\/h1>\n<p>&nbsp;<\/p>\n<p><img data-recalc-dims=\"1\" loading=\"lazy\" decoding=\"async\" class=\"wp-image-5594 aligncenter\" src=\"https:\/\/i0.wp.com\/ccrl-clrc.ca\/wp-content\/uploads\/2023\/10\/Cohort-2023_June-photo.png?resize=557%2C211&#038;ssl=1\" alt=\"Cohorte 1, avec quelques individus manquants, juin 2023\" width=\"557\" height=\"211\"><\/p>\n<div id=\"attachment_6927\" style=\"width: 431px\" class=\"wp-caption aligncenter\"><img data-recalc-dims=\"1\" loading=\"lazy\" decoding=\"async\" aria-describedby=\"caption-attachment-6927\" class=\"wp-image-6926 \" src=\"https:\/\/i0.wp.com\/ccrl-clrc.ca\/wp-content\/uploads\/2023\/10\/Cohort-2024_names-removed.png?resize=421%2C244&#038;ssl=1\" alt=\"Neuf personnes du RJEC souriant \u00e0 la cam\u00e9ra lors d'un appel Zoom.\" width=\"421\" height=\"244\"><p id=\"caption-attachment-6927\" class=\"wp-caption-text\"><i>Quelques membres de nos cohortes 2022-2023 (ci-dessus) et 2023-2024 (ci-dessous). <\/i><\/p><\/div>\n<p>&nbsp;<\/p>\n<p>The Civic Literacy Youth Network (CLYN) is a chance for 16-25 year olds across Canada to engage peers, and learn skills to discuss, analyze, and counter racism and religious discrimination. Across eight online sessions, participants will:<\/p>\n<ul>\n<li aria-level=\"1\">Vous rencontrerez d&rsquo;autres participants de tout le Canada ;<\/li>\n<li aria-level=\"1\">Vous rencontrerez des conf\u00e9renciers invit\u00e9s de tout le Canada qui sont des leaders et des a\u00een\u00e9s aux id\u00e9es profondes; et,<\/li>\n<li aria-level=\"1\">D\u00e9veloppera des comp\u00e9tences en mati\u00e8re de leadership et la litt\u00e9ratie religieuse.<\/li>\n<\/ul>\n<p>Ensemble, nous apprendrons \u00e0 \u00eatre des leaders qui apportent des changements en nous-m\u00eames et pour ceux qui nous entourent.<\/p>\n<p>&nbsp;<\/p>\n<h3 style=\"text-align: center;\">R\u00e9flexions d&rsquo;anciens participants :<\/h3>\n<p style=\"text-align: center;\"><i>\u00ab Je peux appliquer ces connaissances dans ma vie quotidienne et dans ma future carri\u00e8re, car elles ont un impact sur la fa\u00e7on dont vous interagissez avec les gens qui vous entourent. \u00bb<\/i><\/p>\n<p style=\"text-align: center;\"><i>\u00ab J&rsquo;ai vraiment appr\u00e9ci\u00e9 le RJEC et j&rsquo;ai trouv\u00e9 qu&rsquo;il en valait vraiment la peine.<\/i> <i>Je le recommande vivement \u00e0 tout le monde et j&rsquo;esp\u00e8re qu&rsquo;il se poursuivra dans les ann\u00e9es \u00e0 venir. \u00bb<\/i> <\/p>\n<p style=\"text-align: center;\"><i>\u00ab Il est agr\u00e9able de parler \u00e0 d&rsquo;autres personnes du Canada entier et d&rsquo;\u00e9couter de nouveaux orateurs expliquer des choses auxquelles je n&rsquo;avais jamais pens\u00e9 auparavant. \u00bb <\/i><\/p>\n<p style=\"text-align: center;\"><i>\u00ab Cela a \u00e9t\u00e9 le point culminant de mon mois chaque mois ! \u00bb<\/i><\/p>\n<p>&nbsp;<\/p>\n<p><img data-recalc-dims=\"1\" loading=\"lazy\" decoding=\"async\" class=\"aligncenter wp-image-6893 \" src=\"https:\/\/i0.wp.com\/ccrl-clrc.ca\/wp-content\/uploads\/2024\/08\/tandem-x-visuals-re3W3coRzug-unsplash1.jpg?resize=503%2C326&#038;ssl=1\" alt=\"Un jeune regardant l'horizon.\" width=\"503\" height=\"326\"><\/p>\n<p style=\"text-align: center;\">Une ancienne participante a \u00e9galement racont\u00e9 son exp\u00e9rience ici : <a href=\"https:\/\/ccrl-clrc.ca\/project\/rl-young-perspective\">https:\/\/ccrl-clrc.ca\/fr\/project\/la-litteratie-religieuse-ca-compte-le-point-de-vue-dun-jeune-adulte\/ <\/a><\/p>\n<p>&nbsp;<\/p>\n<h3 style=\"text-align: center;\"><span style=\"color: #0756a7;\">Vous souhaitez rejoindre ce r\u00e9seau pour l&rsquo;ann\u00e9e scolaire 2024-2025 ?<\/span><\/h3>\n<h3 style=\"text-align: center;\"><span style=\"color: #0756a7;\"><b>Cliquez<a href=\"https:\/\/drive.google.com\/file\/d\/13SqGr2SQmfW6E3vGZp_jhE7h_NDmyE_C\/view?usp=drive_link\"><span style=\"text-decoration: underline;\"> ici <\/span><\/a>pour postuler.<\/b><\/span><del><\/del><\/h3>\n<p style=\"text-align: center;\">L&rsquo;inscription est gratuite.<\/p>\n<h3 style=\"text-align: center;\"><span style=\"text-decoration: underline; color: #000000;\"><b>Date limite : Lundi 25 novembre 2024, avant 9 heures HNP. <\/b><\/span><\/h3>\n<p style=\"text-align: center;\">Informations g\u00e9n\u00e9rales et d\u00e9tails du programme ci-dessous.<\/p>\n<p>&nbsp;<\/p>\n<p>&nbsp;<\/p>\n<hr>\n<p>&nbsp;<\/p>\n<p>&nbsp;<\/p>\n<h2>Informations g\u00e9n\u00e9rales :<\/h2>\n<p>The CLYN started because young people told us they were concerned about increasing levels of racial and religious discrimination. They wanted a space to discuss these topics, but they felt that they didn\u2019t have one. As a result, we created the CLYN to offer a space for youth and young adults across Canada to discuss related issues by incorporating a full spectrum of religious, spiritual and non-religious viewpoints. <i>This project continues a two-year pilot that was funded by the<\/i><a href=\"http:\/\/www.canada.ca\"> <i>Government of Canada<\/i><\/a><i>\u2018s Department of Canadian Heritage\u2019s Community Support, Multiculturalism, and Anti-Racism Initiatives Program.<\/i>  <\/p>\n<p>&nbsp;<\/p>\n<h2>Pourquoi avons-nous besoin du RJEC aujourd&rsquo;hui ?<\/h2>\n<ul>\n<li aria-level=\"1\"><a href=\"https:\/\/religiousfreedomandbusiness.org\/redi-index-2024\">429 entreprises (85,8 %) du classement Fortune 500 mentionnent, \u00e9voquent ou illustrent la religion sur leur principale page d&rsquo;accueil consacr\u00e9e \u00e0 la diversit\u00e9.<\/a> Des entreprises comme Google, Dell et Paypal soutiennent et valorisent de plus en plus la diversit\u00e9 religieuse sur le lieu de travail. <i>Pour ce faire, les futurs dirigeants doivent comprendre comment aborder la diversit\u00e9 religieuse de mani\u00e8re respectueuse et inform\u00e9e.<\/i><\/li>\n<li aria-level=\"1\"><a href=\"https:\/\/www150.statcan.gc.ca\/n1\/pub\/75-006-x\/2021001\/article\/00010-eng.htm\">De 2017 \u00e0 2019, 18 % des Canadiens (pr\u00e8s d&rsquo;une personne sur cinq) ayant une appartenance religieuse ont d\u00e9clar\u00e9 qu&rsquo;ils participent rarement ou jamais \u00e0 des activit\u00e9s religieuses de groupe, qu&rsquo;ils ne s&rsquo;engagent jamais seuls dans des activit\u00e9s religieuses ou spirituelles et qu&rsquo;ils consid\u00e8rent que leurs croyances religieuses ou spirituelles n&rsquo;ont que peu ou pas d&rsquo;importance dans leur mode de vie.<\/a> <i>Nous avons donc besoin de comp\u00e9tences pour comprendre le visage changeant du Canada.<\/i> <\/li>\n<li aria-level=\"1\">In 2021, <a href=\"https:\/\/www12.statcan.gc.ca\/census-recensement\/2021\/dp-pd\/ipp-ppa\/details\/page.cfm?Lang=E&amp;DGUID=2021A000011124&amp;GENDER=1&amp;AGE=1&amp;RESIDENCE=1&amp;HP=0&amp;HH=0&amp;SearchText=Canada\">47% of the 1.8 million Indigenous peoples who completed the federal census said that they are Christian, and another 47% said that they have no religion or hold secular perspectives<\/a>. The remaining 6% affiliate with different religious groups or spiritualities.  <i>Alors que nous travaillons \u00e0 la r\u00e9conciliation et \u00e0 l&rsquo;\u00e9tablissement de relations avec nos voisins des Premi\u00e8res nations, m\u00e9tis et inuits, nous devons comprendre la diversit\u00e9 qui existe entre les peuples autochtones.<\/i><\/li>\n<li><a href=\"https:\/\/www150.statcan.gc.ca\/n1\/daily-quotidien\/221026\/mc-b001-eng.htm\">Plus de 60 % des Canadiens sont affili\u00e9s \u00e0 un groupe religieux<\/a>, mais la discrimination raciale\/ethnique et religieuse est toujours la motivation la plus fr\u00e9quente des crimes de haine signal\u00e9s par la police. <i>Une meilleure compr\u00e9hension est n\u00e9cessaire pour pr\u00e9venir ou r\u00e9pondre \u00e0 la discrimination dans notre vie quotidienne.<\/i><\/li>\n<\/ul>\n<p>&nbsp;<\/p>\n<p><img data-recalc-dims=\"1\" loading=\"lazy\" decoding=\"async\" class=\"aligncenter wp-image-5143 size-full\" src=\"https:\/\/i0.wp.com\/ccrl-clrc.ca\/wp-content\/uploads\/2023\/07\/2023-07-16-19_13_37-hate-crime-stats-Excel.png?resize=717%2C353&#038;ssl=1\" alt=\"\" width=\"717\" height=\"353\" srcset=\"https:\/\/i0.wp.com\/ccrl-clrc.ca\/wp-content\/uploads\/2023\/07\/2023-07-16-19_13_37-hate-crime-stats-Excel.png?w=717&amp;ssl=1 717w, https:\/\/i0.wp.com\/ccrl-clrc.ca\/wp-content\/uploads\/2023\/07\/2023-07-16-19_13_37-hate-crime-stats-Excel.png?resize=300%2C148&amp;ssl=1 300w, https:\/\/i0.wp.com\/ccrl-clrc.ca\/wp-content\/uploads\/2023\/07\/2023-07-16-19_13_37-hate-crime-stats-Excel.png?resize=648%2C319&amp;ssl=1 648w, https:\/\/i0.wp.com\/ccrl-clrc.ca\/wp-content\/uploads\/2023\/07\/2023-07-16-19_13_37-hate-crime-stats-Excel.png?resize=390%2C192&amp;ssl=1 390w\" sizes=\"auto, (max-width: 717px) 100vw, 717px\" \/><\/p>\n<p>Le RJEC est l&rsquo;occasion de discuter de ces questions de diversit\u00e9, et de bien d&rsquo;autres choses encore.<\/p>\n<p>&nbsp;<\/p>\n<h2><span style=\"text-decoration: underline;\">D\u00e9tails du programme :<\/span><\/h2>\n<h3>Qui peut poser sa candidature ?<\/h3>\n<ul>\n<li aria-level=\"1\">Jeunes de 16 \u00e0 25 ans r\u00e9sidant dans des r\u00e9gions urbaines, suburbaines ou rurales du Canada<\/li>\n<li aria-level=\"1\">Les personnes de tous horizons, ind\u00e9pendamment de leur race, de leur appartenance ethnique, de leur identit\u00e9 sexuelle, de leur orientation sexuelle et de leur appartenance religieuse, spirituelle ou non religieuse.<\/li>\n<\/ul>\n<p>&nbsp;<\/p>\n<h3>Que propose RJEC ?<\/h3>\n<ul>\n<li aria-level=\"1\">Possibilit\u00e9s de participer \u00e0 l&rsquo;engagement et \u00e0 l&rsquo;implication de la communaut\u00e9.<\/li>\n<li aria-level=\"1\">Possibilit\u00e9s d&rsquo;interaction avec des jeunes, des jeunes adultes, des pairs et des a\u00een\u00e9s de diff\u00e9rents groupes communautaires.<\/li>\n<li aria-level=\"1\">Opportunit\u00e9s d&rsquo;apprendre \u00e0 partir de diff\u00e9rentes perspectives \u00e0 travers le pays.<\/li>\n<\/ul>\n<p>&nbsp;<\/p>\n<h3>Que gagnerez-vous \u00e0 rejoindre le RJEC ?<\/h3>\n<ul>\n<li aria-level=\"1\">Exp\u00e9rience de l&rsquo;engagement de pairs issus de milieux diff\u00e9rents.<\/li>\n<li aria-level=\"1\">Comp\u00e9tences analytiques combin\u00e9es \u00e0 une compr\u00e9hension de la litt\u00e9ratie religieuse civique.<\/li>\n<li aria-level=\"1\">Comp\u00e9tences interpersonnelles et de dialogue pour pr\u00e9venir et intervenir de mani\u00e8re proactive contre le racisme, y compris le racisme fond\u00e9 sur la racialisation de la religion.<\/li>\n<li aria-level=\"1\">Un certificat attestant des comp\u00e9tences et des connaissances civiques et litt\u00e9ratie religieuse que vous avez acquises dans le cadre de cette exp\u00e9rience.<\/li>\n<\/ul>\n<p>&nbsp;<\/p>\n<h3>Qui dirige ce projet ?<\/h3>\n<p>The Centre for Civic Religious Literacy (CCRL) will be leading this project with many community partners. The CCRL is a non-religious non-profit fostering understanding about religious, spiritual, and non-religious people in all sectors of Canadian society. <a href=\"https:\/\/ccrl-clrc.ca\/about-ccrl\/team\/\">The CCRL team<\/a> and its community partners come from a variety of backgrounds including those who are Black, Indigenous, People of Colour, 2SLGBTQ+, English and French speaking, immigrant and non-immigrant, from rural and urban areas, and have lived experience from British Columbia to Newfoundland. Guest speakers from the past two years include: <\/p>\n\n\t\t<style type=\"text\/css\">\n\t\t\t#gallery-1 {\n\t\t\t\tmargin: auto;\n\t\t\t}\n\t\t\t#gallery-1 .gallery-item {\n\t\t\t\tfloat: left;\n\t\t\t\tmargin-top: 10px;\n\t\t\t\ttext-align: center;\n\t\t\t\twidth: 25%;\n\t\t\t}\n\t\t\t#gallery-1 img {\n\t\t\t\tborder: 2px solid #cfcfcf;\n\t\t\t}\n\t\t\t#gallery-1 .gallery-caption {\n\t\t\t\tmargin-left: 0;\n\t\t\t}\n\t\t\t\/* see gallery_shortcode() in wp-includes\/media.php *\/\n\t\t<\/style>\n\t\t<div data-carousel-extra='{&quot;blog_id&quot;:1,&quot;permalink&quot;:&quot;https:\/\/ccrl-clrc.ca\/fr\/rjec\/&quot;}' id='gallery-1' class='gallery galleryid-4646 gallery-columns-4 gallery-size-thumbnail'><dl class='gallery-item'>\n\t\t\t<dt class='gallery-icon landscape'>\n\t\t\t\t<a href='https:\/\/ccrl-clrc.ca\/fr\/rjec\/longhurst1-2\/'><img loading=\"lazy\" decoding=\"async\" width=\"150\" height=\"150\" src=\"https:\/\/i0.wp.com\/ccrl-clrc.ca\/wp-content\/uploads\/2024\/09\/Longhurst1-e1725995792160.jpg?resize=150%2C150&amp;ssl=1\" class=\"attachment-thumbnail size-thumbnail\" alt=\"\" data-attachment-id=\"6977\" data-permalink=\"https:\/\/ccrl-clrc.ca\/fr\/rjec\/longhurst1-2\/\" data-orig-file=\"https:\/\/i0.wp.com\/ccrl-clrc.ca\/wp-content\/uploads\/2024\/09\/Longhurst1-e1725995792160.jpg?fit=1333%2C949&amp;ssl=1\" data-orig-size=\"1333,949\" data-comments-opened=\"0\" data-image-meta=\"{&quot;aperture&quot;:&quot;10&quot;,&quot;credit&quot;:&quot;Andrew Ryan&quot;,&quot;camera&quot;:&quot;Canon EOS-1D Mark IV&quot;,&quot;caption&quot;:&quot;&quot;,&quot;created_timestamp&quot;:&quot;1552398333&quot;,&quot;copyright&quot;:&quot;&quot;,&quot;focal_length&quot;:&quot;90&quot;,&quot;iso&quot;:&quot;250&quot;,&quot;shutter_speed&quot;:&quot;0.008&quot;,&quot;title&quot;:&quot;&quot;,&quot;orientation&quot;:&quot;1&quot;}\" data-image-title=\"Longhurst(1)\" data-image-description=\"\" data-image-caption=\"\" data-large-file=\"https:\/\/i0.wp.com\/ccrl-clrc.ca\/wp-content\/uploads\/2024\/09\/Longhurst1-e1725995792160.jpg?fit=1024%2C729&amp;ssl=1\" \/><\/a>\n\t\t\t<\/dt><\/dl><dl class='gallery-item'>\n\t\t\t<dt class='gallery-icon landscape'>\n\t\t\t\t<a href='https:\/\/ccrl-clrc.ca\/fr\/rjec\/dilmurat-2\/'><img loading=\"lazy\" decoding=\"async\" width=\"150\" height=\"150\" src=\"https:\/\/i0.wp.com\/ccrl-clrc.ca\/wp-content\/uploads\/2022\/09\/Dilmurat-e1663862592140.jpg?resize=150%2C150&amp;ssl=1\" class=\"attachment-thumbnail size-thumbnail\" alt=\"\" data-attachment-id=\"4701\" data-permalink=\"https:\/\/ccrl-clrc.ca\/fr\/rjec\/dilmurat-2\/\" data-orig-file=\"https:\/\/i0.wp.com\/ccrl-clrc.ca\/wp-content\/uploads\/2022\/09\/Dilmurat-e1663862592140.jpg?fit=300%2C300&amp;ssl=1\" data-orig-size=\"300,300\" data-comments-opened=\"0\" data-image-meta=\"{&quot;aperture&quot;:&quot;0&quot;,&quot;credit&quot;:&quot;&quot;,&quot;camera&quot;:&quot;&quot;,&quot;caption&quot;:&quot;&quot;,&quot;created_timestamp&quot;:&quot;0&quot;,&quot;copyright&quot;:&quot;&quot;,&quot;focal_length&quot;:&quot;0&quot;,&quot;iso&quot;:&quot;0&quot;,&quot;shutter_speed&quot;:&quot;0&quot;,&quot;title&quot;:&quot;&quot;,&quot;orientation&quot;:&quot;0&quot;}\" data-image-title=\"Dilmurat\" data-image-description=\"\" data-image-caption=\"\" data-large-file=\"https:\/\/i0.wp.com\/ccrl-clrc.ca\/wp-content\/uploads\/2022\/09\/Dilmurat-e1663862592140.jpg?fit=300%2C300&amp;ssl=1\" \/><\/a>\n\t\t\t<\/dt><\/dl><dl class='gallery-item'>\n\t\t\t<dt class='gallery-icon landscape'>\n\t\t\t\t<a href='https:\/\/ccrl-clrc.ca\/fr\/rjec\/img_20220805_161903_021\/'><img loading=\"lazy\" decoding=\"async\" width=\"150\" height=\"150\" src=\"https:\/\/i0.wp.com\/ccrl-clrc.ca\/wp-content\/uploads\/2022\/09\/IMG_20220805_161903_021.jpg?resize=150%2C150&amp;ssl=1\" class=\"attachment-thumbnail size-thumbnail\" alt=\"\" srcset=\"https:\/\/i0.wp.com\/ccrl-clrc.ca\/wp-content\/uploads\/2022\/09\/IMG_20220805_161903_021.jpg?w=1080&amp;ssl=1 1080w, https:\/\/i0.wp.com\/ccrl-clrc.ca\/wp-content\/uploads\/2022\/09\/IMG_20220805_161903_021.jpg?resize=300%2C300&amp;ssl=1 300w, https:\/\/i0.wp.com\/ccrl-clrc.ca\/wp-content\/uploads\/2022\/09\/IMG_20220805_161903_021.jpg?resize=1024%2C1024&amp;ssl=1 1024w, https:\/\/i0.wp.com\/ccrl-clrc.ca\/wp-content\/uploads\/2022\/09\/IMG_20220805_161903_021.jpg?resize=150%2C150&amp;ssl=1 150w, https:\/\/i0.wp.com\/ccrl-clrc.ca\/wp-content\/uploads\/2022\/09\/IMG_20220805_161903_021.jpg?resize=768%2C768&amp;ssl=1 768w, https:\/\/i0.wp.com\/ccrl-clrc.ca\/wp-content\/uploads\/2022\/09\/IMG_20220805_161903_021.jpg?resize=800%2C800&amp;ssl=1 800w, https:\/\/i0.wp.com\/ccrl-clrc.ca\/wp-content\/uploads\/2022\/09\/IMG_20220805_161903_021.jpg?resize=400%2C400&amp;ssl=1 400w, https:\/\/i0.wp.com\/ccrl-clrc.ca\/wp-content\/uploads\/2022\/09\/IMG_20220805_161903_021.jpg?resize=200%2C200&amp;ssl=1 200w, https:\/\/i0.wp.com\/ccrl-clrc.ca\/wp-content\/uploads\/2022\/09\/IMG_20220805_161903_021.jpg?resize=330%2C330&amp;ssl=1 330w, https:\/\/i0.wp.com\/ccrl-clrc.ca\/wp-content\/uploads\/2022\/09\/IMG_20220805_161903_021.jpg?resize=96%2C96&amp;ssl=1 96w, https:\/\/i0.wp.com\/ccrl-clrc.ca\/wp-content\/uploads\/2022\/09\/IMG_20220805_161903_021.jpg?resize=648%2C648&amp;ssl=1 648w, https:\/\/i0.wp.com\/ccrl-clrc.ca\/wp-content\/uploads\/2022\/09\/IMG_20220805_161903_021.jpg?resize=192%2C192&amp;ssl=1 192w\" sizes=\"auto, (max-width: 150px) 100vw, 150px\" data-attachment-id=\"4708\" data-permalink=\"https:\/\/ccrl-clrc.ca\/fr\/rjec\/img_20220805_161903_021\/\" data-orig-file=\"https:\/\/i0.wp.com\/ccrl-clrc.ca\/wp-content\/uploads\/2022\/09\/IMG_20220805_161903_021.jpg?fit=1080%2C1080&amp;ssl=1\" data-orig-size=\"1080,1080\" data-comments-opened=\"0\" data-image-meta=\"{&quot;aperture&quot;:&quot;0&quot;,&quot;credit&quot;:&quot;&quot;,&quot;camera&quot;:&quot;&quot;,&quot;caption&quot;:&quot;&quot;,&quot;created_timestamp&quot;:&quot;0&quot;,&quot;copyright&quot;:&quot;&quot;,&quot;focal_length&quot;:&quot;0&quot;,&quot;iso&quot;:&quot;0&quot;,&quot;shutter_speed&quot;:&quot;0&quot;,&quot;title&quot;:&quot;&quot;,&quot;orientation&quot;:&quot;0&quot;}\" data-image-title=\"IMG_20220805_161903_021\" data-image-description=\"\" data-image-caption=\"\" data-large-file=\"https:\/\/i0.wp.com\/ccrl-clrc.ca\/wp-content\/uploads\/2022\/09\/IMG_20220805_161903_021.jpg?fit=1024%2C1024&amp;ssl=1\" \/><\/a>\n\t\t\t<\/dt><\/dl><dl class='gallery-item'>\n\t\t\t<dt class='gallery-icon portrait'>\n\t\t\t\t<a href='https:\/\/ccrl-clrc.ca\/fr\/rjec\/img_2289-2\/'><img loading=\"lazy\" decoding=\"async\" width=\"150\" height=\"150\" src=\"https:\/\/i0.wp.com\/ccrl-clrc.ca\/wp-content\/uploads\/2024\/09\/IMG_2289-e1725995746338.jpg?resize=150%2C150&amp;ssl=1\" class=\"attachment-thumbnail size-thumbnail\" alt=\"\" data-attachment-id=\"6975\" data-permalink=\"https:\/\/ccrl-clrc.ca\/fr\/rjec\/img_2289-2\/\" data-orig-file=\"https:\/\/i0.wp.com\/ccrl-clrc.ca\/wp-content\/uploads\/2024\/09\/IMG_2289-e1725995746338.jpg?fit=800%2C1067&amp;ssl=1\" data-orig-size=\"800,1067\" data-comments-opened=\"0\" data-image-meta=\"{&quot;aperture&quot;:&quot;0&quot;,&quot;credit&quot;:&quot;&quot;,&quot;camera&quot;:&quot;&quot;,&quot;caption&quot;:&quot;&quot;,&quot;created_timestamp&quot;:&quot;0&quot;,&quot;copyright&quot;:&quot;&quot;,&quot;focal_length&quot;:&quot;0&quot;,&quot;iso&quot;:&quot;0&quot;,&quot;shutter_speed&quot;:&quot;0&quot;,&quot;title&quot;:&quot;&quot;,&quot;orientation&quot;:&quot;0&quot;}\" data-image-title=\"IMG_2289\" data-image-description=\"\" data-image-caption=\"\" data-large-file=\"https:\/\/i0.wp.com\/ccrl-clrc.ca\/wp-content\/uploads\/2024\/09\/IMG_2289-e1725995746338.jpg?fit=768%2C1024&amp;ssl=1\" \/><\/a>\n\t\t\t<\/dt><\/dl><br style=\"clear: both\" \/>\n\t\t<\/div>\n\n<p>(Left to Right)<\/p>\n<ul>\n<li>John Longhurst, Journaliste et chroniqueur religieux, Winnipeg Free Press<\/li>\n<li>Dr. Dilmurat Mahmut, Soutien international aux Ou\u00efghours<\/li>\n<li>Dr. Willow Anderson, Directrice, Social Fabric Institute Inc.<\/li>\n<li>Elder Phyllis Kretschemer, Les grands-m\u00e8res interculturelles s&rsquo;unissent, Regina<\/li>\n<\/ul>\n<p>Les orateurs qui ne sont pas repr\u00e9sent\u00e9s ici sont les suivants :<\/p>\n<ul>\n<li aria-level=\"1\">Repr\u00e9sentants de Humanist Canada<\/li>\n<li aria-level=\"1\">Repr\u00e9sentants des communaut\u00e9s LGBTQ<\/li>\n<\/ul>\n<p>&nbsp;<\/p>\n<h3>Que se passe-t-il pendant chaque session ? <b><br \/>\n<\/b><\/h3>\n<p>Nos huit sessions se d\u00e9rouleront en ligne, toutes les deux semaines, pendant deux heures, et :<\/p>\n<ul>\n<li aria-level=\"1\">Commencez par inviter des conf\u00e9renciers ;<\/li>\n<li aria-level=\"1\">Poursuivre avec des discussions en grand groupe ; et,<\/li>\n<li aria-level=\"1\">Poursuivre le dialogue en petits groupes avec les pairs.<\/li>\n<\/ul>\n<p>Des conf\u00e9renciers invit\u00e9s issus de diverses communaut\u00e9s se joindront \u00e0 nous pour partager leurs connaissances sur un sujet d&rsquo;actualit\u00e9 ou une exp\u00e9rience v\u00e9cue. Toutes les r\u00e9unions seront anim\u00e9es par des membres de<a href=\"https:\/\/ccrl-clrc.ca\/about-ccrl\/team\/\"> l&rsquo;\u00e9quipe du CLRC<\/a> qui sont des \u00e9ducateurs form\u00e9s et des sp\u00e9cialistes dans ce domaine.<\/p>\n<p>&nbsp;<\/p>\n<h3>Qu&rsquo;attend-on des participants \u00e0 RJEC ? <b><br \/>\n<\/b><\/h3>\n<ul>\n<li aria-level=\"1\">Assister \u00e0 sept des huit r\u00e9unions mensuelles en ligne Zoom pendant toute la dur\u00e9e du projet, ce qui n\u00e9cessite une connexion Internet stable.<\/li>\n<li aria-level=\"1\">Participez au dialogue de groupe, c&rsquo;est-\u00e0-dire partagez vos pens\u00e9es et vos exp\u00e9riences et \u00e9coutez celles des autres.<\/li>\n<li aria-level=\"1\">\u00catre pr\u00eat \u00e0 r\u00e9fl\u00e9chir de mani\u00e8re critique \u00e0 ses propres opinions et \u00e0 prendre en compte celles des autres.<\/li>\n<\/ul>\n<p>&nbsp;<\/p>\n<h3>Que se passe-t-il lorsque les huit sessions sont termin\u00e9es ?<\/h3>\n<p>Apr\u00e8s les huit sessions, les participants ont trois possibilit\u00e9s diff\u00e9rentes \u00e0 consid\u00e9rer :<\/p>\n<ul>\n<li aria-level=\"1\">Revenir en tant que mentor et animateur junior pour coanimer la prochaine s\u00e9rie de sessions et affiner vos comp\u00e9tences en mati\u00e8re de leadership et de la litt\u00e9ratie religieuse ;<\/li>\n<li aria-level=\"1\">(Pour ceux du Qu\u00e9bec) : Faire une demande d&rsquo;initiative jeunesse Building Bridges pour agir et partager les comp\u00e9tences que vous avez acquises, avec l&rsquo;encadrement d&rsquo;un leader local du Qu\u00e9bec, et les finances n\u00e9cessaires pour partager l&rsquo;initiative avec vos pairs ; ou,<\/li>\n<li aria-level=\"1\">Revenir en tant que participant pour continuer \u00e0 apprendre.<\/li>\n<\/ul>\n<h3 style=\"text-align: center;\"><\/h3>\n<p style=\"text-align: center;\">Si vous avez des questions, veuillez contacter le CLRC \u00e0 l&rsquo;adresse <a href=\"mailto:info@ccrl-clrc.ca\">info@ccrl-clrc.ca<\/a> en indiquant comme sujet \u00ab RJEC \u00bb .<\/p>\n<p>&nbsp;<\/p>\n<p>&nbsp;<\/p>\n<hr>\n<p>Les r\u00e9f\u00e9rences:<\/p>\n<p>Cornelissen. L. 2021. \u00ab\u00a0La religiosit\u00e9 au Canada et son \u00e9volution de 1985 \u00e0 2019\u00a0\u00bb. <i>Regards sur la soci\u00e9t\u00e9 canadienne.<\/i> Octobre. Num\u00e9ro de catalogue de Statistique Canada. 75-006-X ; Statistique Canada. <a href=\"https:\/\/www150.statcan.gc.ca\/n1\/pub\/11-627-m\/11-627-m2021079-eng.htm\">https:\/\/www150.statcan.gc.ca\/n1\/pub\/11-627-m\/11-627-m2021079-eng.htm<\/a><\/p>\n<p>Enqu\u00eate nationale aupr\u00e8s des m\u00e9nages : Peuples autochtones. La mobilit\u00e9 des r\u00e9ponses et la croissance de la population d&rsquo;identit\u00e9 autochtone, 2006-2011 et 2011-2016. par Vivian O&rsquo;Donnell et Russell LaPointe. Date de sortie : 29 octobre 2019. <a href=\"https:\/\/www150.statcan.gc.ca\/n1\/pub\/99-011-x\/99-011-x2019002-eng.htm\">https:\/\/www150.statcan.gc.ca\/n1\/pub\/99-011-x\/99-011-x2019002-eng.htm<\/a><\/p>\n","protected":false},"excerpt":{"rendered":"<p>R\u00e9seau des jeunes pour l&rsquo;\u00e9ducation civique (RJEC): Engagement et comp\u00e9tences pour discuter, analyser et contrer le racisme et la discrimination religieuse &nbsp; &nbsp; The Civic Literacy Youth Network (CLYN) is a chance for 16-25 year olds across Canada to engage peers, and learn skills to discuss, analyze, and counter racism and religious discrimination. Across eight [&hellip;]<\/p>\n","protected":false},"author":29790131,"featured_media":0,"parent":0,"menu_order":0,"comment_status":"closed","ping_status":"closed","template":"","meta":{"_acf_changed":false,"_et_pb_use_builder":"","_et_pb_old_content":"","_et_gb_content_width":"","_coblocks_attr":"","_coblocks_dimensions":"","_coblocks_responsive_height":"","_coblocks_accordion_ie_support":"","_crdt_document":"","footnotes":""},"class_list":["post-4646","page","type-page","status-publish","hentry"],"acf":[],"yoast_head":"<!-- This site is optimized with the Yoast SEO plugin v27.5 - https:\/\/yoast.com\/product\/yoast-seo-wordpress\/ -->\n<title>R\u00e9seau des jeunes pour l&#039;\u00e9ducation civique<\/title>\n<meta name=\"description\" content=\"Le R\u00e9seau des jeunes pour l\u2019\u00e9ducation civique (RJEC) est un r\u00e9seau en ligne permettant aux jeunes de discuter de la discrimination raciale et religieuse, ainsi que de questions connexes.\" \/>\n<meta name=\"robots\" content=\"index, follow, max-snippet:-1, max-image-preview:large, max-video-preview:-1\" \/>\n<link rel=\"canonical\" href=\"https:\/\/ccrl-clrc.ca\/fr\/rjec\/\" \/>\n<meta property=\"og:locale\" content=\"fr_FR\" \/>\n<meta property=\"og:type\" content=\"article\" \/>\n<meta property=\"og:title\" content=\"R\u00e9seau des jeunes pour l&#039;\u00e9ducation civique\" \/>\n<meta property=\"og:description\" content=\"Le R\u00e9seau des jeunes pour l\u2019\u00e9ducation civique (RJEC) est un r\u00e9seau en ligne permettant aux jeunes de discuter de la discrimination raciale et religieuse, ainsi que de questions connexes.\" \/>\n<meta property=\"og:url\" content=\"https:\/\/ccrl-clrc.ca\/fr\/rjec\/\" \/>\n<meta property=\"og:site_name\" content=\"Le centre de litt\u00e9ratie religieuse civique\" \/>\n<meta property=\"article:publisher\" content=\"https:\/\/www.facebook.com\/The-Centre-for-Civic-Religious-Literacy-2033697073383562\/\" \/>\n<meta property=\"article:modified_time\" content=\"2024-11-08T20:51:06+00:00\" \/>\n<meta property=\"og:image\" content=\"https:\/\/i0.wp.com\/ccrl-clrc.ca\/wp-content\/uploads\/2024\/09\/Longhurst1-e1725995792160.jpg?resize=150%2C150&amp;ssl=1\" \/>\n<meta name=\"twitter:card\" content=\"summary_large_image\" \/>\n<meta name=\"twitter:site\" content=\"@CcrlClrc\" \/>\n<meta name=\"twitter:label1\" content=\"Dur\u00e9e de lecture estim\u00e9e\" \/>\n\t<meta name=\"twitter:data1\" content=\"6 minutes\" \/>\n<script type=\"application\/ld+json\" class=\"yoast-schema-graph\">{\"@context\":\"https:\\\/\\\/schema.org\",\"@graph\":[{\"@type\":\"WebPage\",\"@id\":\"https:\\\/\\\/ccrl-clrc.ca\\\/fr\\\/rjec\\\/\",\"url\":\"https:\\\/\\\/ccrl-clrc.ca\\\/fr\\\/rjec\\\/\",\"name\":\"R\u00e9seau des jeunes pour l'\u00e9ducation civique\",\"isPartOf\":{\"@id\":\"https:\\\/\\\/ccrl-clrc.ca\\\/fr\\\/#website\"},\"primaryImageOfPage\":{\"@id\":\"https:\\\/\\\/ccrl-clrc.ca\\\/fr\\\/rjec\\\/#primaryimage\"},\"image\":{\"@id\":\"https:\\\/\\\/ccrl-clrc.ca\\\/fr\\\/rjec\\\/#primaryimage\"},\"thumbnailUrl\":\"https:\\\/\\\/ccrl-clrc.ca\\\/wp-content\\\/uploads\\\/2023\\\/10\\\/Cohort-2023_June-photo-1024x388.png\",\"datePublished\":\"2022-08-22T17:04:24+00:00\",\"dateModified\":\"2024-11-08T20:51:06+00:00\",\"description\":\"Le R\u00e9seau des jeunes pour l\u2019\u00e9ducation civique (RJEC) est un r\u00e9seau en ligne permettant aux jeunes de discuter de la discrimination raciale et religieuse, ainsi que de questions connexes.\",\"breadcrumb\":{\"@id\":\"https:\\\/\\\/ccrl-clrc.ca\\\/fr\\\/rjec\\\/#breadcrumb\"},\"inLanguage\":\"fr-FR\",\"potentialAction\":[{\"@type\":\"ReadAction\",\"target\":[\"https:\\\/\\\/ccrl-clrc.ca\\\/fr\\\/rjec\\\/\"]}]},{\"@type\":\"ImageObject\",\"inLanguage\":\"fr-FR\",\"@id\":\"https:\\\/\\\/ccrl-clrc.ca\\\/fr\\\/rjec\\\/#primaryimage\",\"url\":\"https:\\\/\\\/ccrl-clrc.ca\\\/wp-content\\\/uploads\\\/2023\\\/10\\\/Cohort-2023_June-photo-1024x388.png\",\"contentUrl\":\"https:\\\/\\\/ccrl-clrc.ca\\\/wp-content\\\/uploads\\\/2023\\\/10\\\/Cohort-2023_June-photo-1024x388.png\"},{\"@type\":\"BreadcrumbList\",\"@id\":\"https:\\\/\\\/ccrl-clrc.ca\\\/fr\\\/rjec\\\/#breadcrumb\",\"itemListElement\":[{\"@type\":\"ListItem\",\"position\":1,\"name\":\"Accueil\",\"item\":\"https:\\\/\\\/ccrl-clrc.ca\\\/fr\\\/le-centre-de-litteratie-religieuse-civique-2\\\/\"},{\"@type\":\"ListItem\",\"position\":2,\"name\":\"R\u00e9seau des jeunes pour l&rsquo;\u00e9ducation civique\"}]},{\"@type\":\"WebSite\",\"@id\":\"https:\\\/\\\/ccrl-clrc.ca\\\/fr\\\/#website\",\"url\":\"https:\\\/\\\/ccrl-clrc.ca\\\/fr\\\/\",\"name\":\"Le centre de litt\u00e9ratie religieuse civique\",\"description\":\"Pour la promotion de la compr\u00e9hension au Canada\",\"publisher\":{\"@id\":\"https:\\\/\\\/ccrl-clrc.ca\\\/fr\\\/#organization\"},\"potentialAction\":[{\"@type\":\"SearchAction\",\"target\":{\"@type\":\"EntryPoint\",\"urlTemplate\":\"https:\\\/\\\/ccrl-clrc.ca\\\/fr\\\/?s={search_term_string}\"},\"query-input\":{\"@type\":\"PropertyValueSpecification\",\"valueRequired\":true,\"valueName\":\"search_term_string\"}}],\"inLanguage\":\"fr-FR\"},{\"@type\":\"Organization\",\"@id\":\"https:\\\/\\\/ccrl-clrc.ca\\\/fr\\\/#organization\",\"name\":\"Le centre de litt\u00e9ratie religieuse civique\",\"url\":\"https:\\\/\\\/ccrl-clrc.ca\\\/fr\\\/\",\"logo\":{\"@type\":\"ImageObject\",\"inLanguage\":\"fr-FR\",\"@id\":\"https:\\\/\\\/ccrl-clrc.ca\\\/fr\\\/#\\\/schema\\\/logo\\\/image\\\/\",\"url\":\"https:\\\/\\\/i2.wp.com\\\/ccrl-clrc.ca\\\/wp-content\\\/uploads\\\/2018\\\/10\\\/ccrl_logo.png?fit=1849%2C256&ssl=1\",\"contentUrl\":\"https:\\\/\\\/i2.wp.com\\\/ccrl-clrc.ca\\\/wp-content\\\/uploads\\\/2018\\\/10\\\/ccrl_logo.png?fit=1849%2C256&ssl=1\",\"width\":1849,\"height\":256,\"caption\":\"Le centre de litt\u00e9ratie religieuse civique\"},\"image\":{\"@id\":\"https:\\\/\\\/ccrl-clrc.ca\\\/fr\\\/#\\\/schema\\\/logo\\\/image\\\/\"},\"sameAs\":[\"https:\\\/\\\/www.facebook.com\\\/The-Centre-for-Civic-Religious-Literacy-2033697073383562\\\/\",\"https:\\\/\\\/x.com\\\/CcrlClrc\",\"https:\\\/\\\/www.instagram.com\\\/ccrl.clrc\\\/\",\"https:\\\/\\\/www.linkedin.com\\\/company\\\/ccrl-clrc\\\/\"]}]}<\/script>\n<!-- \/ Yoast SEO plugin. -->","yoast_head_json":{"title":"R\u00e9seau des jeunes pour l'\u00e9ducation civique","description":"Le R\u00e9seau des jeunes pour l\u2019\u00e9ducation civique (RJEC) est un r\u00e9seau en ligne permettant aux jeunes de discuter de la discrimination raciale et religieuse, ainsi que de questions connexes.","robots":{"index":"index","follow":"follow","max-snippet":"max-snippet:-1","max-image-preview":"max-image-preview:large","max-video-preview":"max-video-preview:-1"},"canonical":"https:\/\/ccrl-clrc.ca\/fr\/rjec\/","og_locale":"fr_FR","og_type":"article","og_title":"R\u00e9seau des jeunes pour l'\u00e9ducation civique","og_description":"Le R\u00e9seau des jeunes pour l\u2019\u00e9ducation civique (RJEC) est un r\u00e9seau en ligne permettant aux jeunes de discuter de la discrimination raciale et religieuse, ainsi que de questions connexes.","og_url":"https:\/\/ccrl-clrc.ca\/fr\/rjec\/","og_site_name":"Le centre de litt\u00e9ratie religieuse civique","article_publisher":"https:\/\/www.facebook.com\/The-Centre-for-Civic-Religious-Literacy-2033697073383562\/","article_modified_time":"2024-11-08T20:51:06+00:00","og_image":[{"url":"https:\/\/i0.wp.com\/ccrl-clrc.ca\/wp-content\/uploads\/2024\/09\/Longhurst1-e1725995792160.jpg?resize=150%2C150&amp;ssl=1","type":"","width":"","height":""}],"twitter_card":"summary_large_image","twitter_site":"@CcrlClrc","twitter_misc":{"Dur\u00e9e de lecture estim\u00e9e":"6 minutes"},"schema":{"@context":"https:\/\/schema.org","@graph":[{"@type":"WebPage","@id":"https:\/\/ccrl-clrc.ca\/fr\/rjec\/","url":"https:\/\/ccrl-clrc.ca\/fr\/rjec\/","name":"R\u00e9seau des jeunes pour l'\u00e9ducation civique","isPartOf":{"@id":"https:\/\/ccrl-clrc.ca\/fr\/#website"},"primaryImageOfPage":{"@id":"https:\/\/ccrl-clrc.ca\/fr\/rjec\/#primaryimage"},"image":{"@id":"https:\/\/ccrl-clrc.ca\/fr\/rjec\/#primaryimage"},"thumbnailUrl":"https:\/\/ccrl-clrc.ca\/wp-content\/uploads\/2023\/10\/Cohort-2023_June-photo-1024x388.png","datePublished":"2022-08-22T17:04:24+00:00","dateModified":"2024-11-08T20:51:06+00:00","description":"Le R\u00e9seau des jeunes pour l\u2019\u00e9ducation civique (RJEC) est un r\u00e9seau en ligne permettant aux jeunes de discuter de la discrimination raciale et religieuse, ainsi que de questions connexes.","breadcrumb":{"@id":"https:\/\/ccrl-clrc.ca\/fr\/rjec\/#breadcrumb"},"inLanguage":"fr-FR","potentialAction":[{"@type":"ReadAction","target":["https:\/\/ccrl-clrc.ca\/fr\/rjec\/"]}]},{"@type":"ImageObject","inLanguage":"fr-FR","@id":"https:\/\/ccrl-clrc.ca\/fr\/rjec\/#primaryimage","url":"https:\/\/ccrl-clrc.ca\/wp-content\/uploads\/2023\/10\/Cohort-2023_June-photo-1024x388.png","contentUrl":"https:\/\/ccrl-clrc.ca\/wp-content\/uploads\/2023\/10\/Cohort-2023_June-photo-1024x388.png"},{"@type":"BreadcrumbList","@id":"https:\/\/ccrl-clrc.ca\/fr\/rjec\/#breadcrumb","itemListElement":[{"@type":"ListItem","position":1,"name":"Accueil","item":"https:\/\/ccrl-clrc.ca\/fr\/le-centre-de-litteratie-religieuse-civique-2\/"},{"@type":"ListItem","position":2,"name":"R\u00e9seau des jeunes pour l&rsquo;\u00e9ducation civique"}]},{"@type":"WebSite","@id":"https:\/\/ccrl-clrc.ca\/fr\/#website","url":"https:\/\/ccrl-clrc.ca\/fr\/","name":"Le centre de litt\u00e9ratie religieuse civique","description":"Pour la promotion de la compr\u00e9hension au Canada","publisher":{"@id":"https:\/\/ccrl-clrc.ca\/fr\/#organization"},"potentialAction":[{"@type":"SearchAction","target":{"@type":"EntryPoint","urlTemplate":"https:\/\/ccrl-clrc.ca\/fr\/?s={search_term_string}"},"query-input":{"@type":"PropertyValueSpecification","valueRequired":true,"valueName":"search_term_string"}}],"inLanguage":"fr-FR"},{"@type":"Organization","@id":"https:\/\/ccrl-clrc.ca\/fr\/#organization","name":"Le centre de litt\u00e9ratie religieuse civique","url":"https:\/\/ccrl-clrc.ca\/fr\/","logo":{"@type":"ImageObject","inLanguage":"fr-FR","@id":"https:\/\/ccrl-clrc.ca\/fr\/#\/schema\/logo\/image\/","url":"https:\/\/i2.wp.com\/ccrl-clrc.ca\/wp-content\/uploads\/2018\/10\/ccrl_logo.png?fit=1849%2C256&ssl=1","contentUrl":"https:\/\/i2.wp.com\/ccrl-clrc.ca\/wp-content\/uploads\/2018\/10\/ccrl_logo.png?fit=1849%2C256&ssl=1","width":1849,"height":256,"caption":"Le centre de litt\u00e9ratie religieuse civique"},"image":{"@id":"https:\/\/ccrl-clrc.ca\/fr\/#\/schema\/logo\/image\/"},"sameAs":["https:\/\/www.facebook.com\/The-Centre-for-Civic-Religious-Literacy-2033697073383562\/","https:\/\/x.com\/CcrlClrc","https:\/\/www.instagram.com\/ccrl.clrc\/","https:\/\/www.linkedin.com\/company\/ccrl-clrc\/"]}]}},"jetpack_likes_enabled":false,"jetpack_sharing_enabled":false,"jetpack_shortlink":"https:\/\/wp.me\/PafvDM-1cW","amp_enabled":true,"_links":{"self":[{"href":"https:\/\/ccrl-clrc.ca\/fr\/wp-json\/wp\/v2\/pages\/4646","targetHints":{"allow":["GET"]}}],"collection":[{"href":"https:\/\/ccrl-clrc.ca\/fr\/wp-json\/wp\/v2\/pages"}],"about":[{"href":"https:\/\/ccrl-clrc.ca\/fr\/wp-json\/wp\/v2\/types\/page"}],"author":[{"embeddable":true,"href":"https:\/\/ccrl-clrc.ca\/fr\/wp-json\/wp\/v2\/users\/29790131"}],"replies":[{"embeddable":true,"href":"https:\/\/ccrl-clrc.ca\/fr\/wp-json\/wp\/v2\/comments?post=4646"}],"version-history":[{"count":21,"href":"https:\/\/ccrl-clrc.ca\/fr\/wp-json\/wp\/v2\/pages\/4646\/revisions"}],"predecessor-version":[{"id":7022,"href":"https:\/\/ccrl-clrc.ca\/fr\/wp-json\/wp\/v2\/pages\/4646\/revisions\/7022"}],"wp:attachment":[{"href":"https:\/\/ccrl-clrc.ca\/fr\/wp-json\/wp\/v2\/media?parent=4646"}],"curies":[{"name":"wp","href":"https:\/\/api.w.org\/{rel}","templated":true}]}}