{"id":3793,"date":"2021-10-16T20:13:39","date_gmt":"2021-10-16T20:13:39","guid":{"rendered":"https:\/\/ccrl-clrc.ca\/a-propos-de-nous-2\/rapport-annuel\/"},"modified":"2025-12-17T13:57:06","modified_gmt":"2025-12-17T13:57:06","slug":"rapport-annuel","status":"publish","type":"page","link":"https:\/\/ccrl-clrc.ca\/fr\/a-propos-de-nous-2\/rapport-annuel\/","title":{"rendered":"Rapport annuel"},"content":{"rendered":"<p>Cliquez sur les images ci-dessous pour acc\u00e9der et t\u00e9l\u00e9charger une copie de nos rapports annuels.<\/p>\n<p style=\"text-align: left;\">Pour en savoir plus sur notre travail maintenant, visitez nos autres pages pour revoir<a href=\"https:\/\/ccrl-clrc.ca\/fr\/projets\/\"> nos projets en cours<\/a> et<a href=\"https:\/\/ccrl-clrc.ca\/fr\/our-engagements\/\"> engagement<\/a> .<\/p>\n<div id=\"attachment_7582\" style=\"width: 341px\" class=\"wp-caption alignleft\"><a href=\"https:\/\/ccrl-clrc.ca\/wp-content\/uploads\/2025\/12\/CCRL_2025AnnualReport_v3_web.pdf\"><img data-recalc-dims=\"1\" loading=\"lazy\" decoding=\"async\" aria-describedby=\"caption-attachment-7582\" class=\"wp-image-7581\" src=\"https:\/\/i0.wp.com\/ccrl-clrc.ca\/wp-content\/uploads\/2025\/12\/2025-Annual-Report-cover.png?resize=331%2C255&#038;ssl=1\" alt=\"Rapport annuel de la CLRC 2025\" width=\"331\" height=\"255\"><\/a><p id=\"caption-attachment-7582\" class=\"wp-caption-text\"><strong>Rapport annuel de la CLRC 2025<\/strong><\/p><\/div>\n<p>&nbsp;<\/p>\n<p>&nbsp;<\/p>\n<p>&nbsp;<\/p>\n<p>&nbsp;<\/p>\n<p>&nbsp;<\/p>\n<p>&nbsp;<\/p>\n<p>&nbsp;<\/p>\n<p>&nbsp;<\/p>\n<p>&nbsp;<\/p>\n<div id=\"attachment_7046\" style=\"width: 341px\" class=\"wp-caption alignleft\"><a href=\"https:\/\/ccrl-clrc.ca\/wp-content\/uploads\/2025\/01\/CCRL_2024AnnualReport_FINAL.pdf\"><img data-recalc-dims=\"1\" loading=\"lazy\" decoding=\"async\" aria-describedby=\"caption-attachment-7046\" class=\"wp-image-7045\" src=\"https:\/\/i0.wp.com\/ccrl-clrc.ca\/wp-content\/uploads\/2024\/12\/Screenshot-2024-12-05-141954.png?resize=331%2C254&#038;ssl=1\" alt=\"Rapport annuel de la CLRC 2024\" width=\"331\" height=\"254\"><\/a><p id=\"caption-attachment-7046\" class=\"wp-caption-text\"><strong>Rapport annuel de la CLRC 2024<\/strong><\/p><\/div>\n<div id=\"attachment_6638\" style=\"width: 336px\" class=\"wp-caption alignleft\"><a href=\"https:\/\/ccrl-clrc.ca\/wp-content\/uploads\/2023\/12\/CCRL-2022-2023-Annual-Report.pdf\"><img data-recalc-dims=\"1\" loading=\"lazy\" decoding=\"async\" aria-describedby=\"caption-attachment-6638\" class=\"wp-image-6637\" src=\"https:\/\/i0.wp.com\/ccrl-clrc.ca\/wp-content\/uploads\/2023\/12\/Screenshot-2023-12-14-100832.png?resize=326%2C250&#038;ssl=1\" alt=\"Page de couverture du rapport annuel 2023\" width=\"326\" height=\"250\"><\/a><p id=\"caption-attachment-6638\" class=\"wp-caption-text\"><strong>Rapport annuel de la CLRC 2023<\/strong><\/p><\/div>\n<p>&nbsp;<\/p>\n<p>&nbsp;<\/p>\n<p>&nbsp;<\/p>\n<p>&nbsp;<\/p>\n<p>&nbsp;<\/p>\n<p>&nbsp;<\/p>\n<p>&nbsp;<\/p>\n<p>&nbsp;<\/p>\n<p>&nbsp;<\/p>\n<p>&nbsp;<\/p>\n<div id=\"attachment_4823\" style=\"width: 282px\" class=\"wp-caption alignleft\"><a href=\"https:\/\/ccrl-clrc.ca\/wp-content\/uploads\/2022\/12\/CCRL-2021-2022-Annual-Report.pdf\"><img data-recalc-dims=\"1\" loading=\"lazy\" decoding=\"async\" aria-describedby=\"caption-attachment-4823\" class=\"wp-image-4822\" src=\"https:\/\/i0.wp.com\/ccrl-clrc.ca\/wp-content\/uploads\/2022\/12\/2022-12-22-08_29_30-Monday-Word.png?resize=272%2C352&#038;ssl=1\" alt=\"Rapport annuel 2022\" width=\"272\" height=\"352\" srcset=\"https:\/\/i0.wp.com\/ccrl-clrc.ca\/wp-content\/uploads\/2022\/12\/2022-12-22-08_29_30-Monday-Word.png?resize=768%2C994&amp;ssl=1 768w, https:\/\/i0.wp.com\/ccrl-clrc.ca\/wp-content\/uploads\/2022\/12\/2022-12-22-08_29_30-Monday-Word.png?resize=232%2C300&amp;ssl=1 232w, https:\/\/i0.wp.com\/ccrl-clrc.ca\/wp-content\/uploads\/2022\/12\/2022-12-22-08_29_30-Monday-Word.png?resize=791%2C1024&amp;ssl=1 791w, https:\/\/i0.wp.com\/ccrl-clrc.ca\/wp-content\/uploads\/2022\/12\/2022-12-22-08_29_30-Monday-Word.png?resize=648%2C838&amp;ssl=1 648w, https:\/\/i0.wp.com\/ccrl-clrc.ca\/wp-content\/uploads\/2022\/12\/2022-12-22-08_29_30-Monday-Word.png?resize=148%2C192&amp;ssl=1 148w, https:\/\/i0.wp.com\/ccrl-clrc.ca\/wp-content\/uploads\/2022\/12\/2022-12-22-08_29_30-Monday-Word.png?w=960&amp;ssl=1 960w\" sizes=\"auto, (max-width: 272px) 100vw, 272px\" \/><\/a><p id=\"caption-attachment-4823\" class=\"wp-caption-text\"><strong>Rapport annuel 2022 de la CLRC<\/strong><\/p><\/div>\n<div id=\"attachment_4039\" style=\"width: 281px\" class=\"wp-caption alignleft\"><a href=\"https:\/\/ccrl-clrc.ca\/wp-content\/uploads\/2021\/12\/CCRL-2021-Annual-Report.pdf\"><img data-recalc-dims=\"1\" loading=\"lazy\" decoding=\"async\" aria-describedby=\"caption-attachment-4039\" class=\"wp-image-4040\" src=\"https:\/\/i0.wp.com\/ccrl-clrc.ca\/wp-content\/uploads\/2021\/12\/2021-12-10-14_51_33-Monday-Word.png?resize=271%2C351&#038;ssl=1\" alt=\"Rapport annuel de la CLRC 2021\" width=\"271\" height=\"351\" srcset=\"https:\/\/i0.wp.com\/ccrl-clrc.ca\/wp-content\/uploads\/2021\/12\/2021-12-10-14_51_33-Monday-Word.png?resize=768%2C996&amp;ssl=1 768w, https:\/\/i0.wp.com\/ccrl-clrc.ca\/wp-content\/uploads\/2021\/12\/2021-12-10-14_51_33-Monday-Word.png?resize=231%2C300&amp;ssl=1 231w, https:\/\/i0.wp.com\/ccrl-clrc.ca\/wp-content\/uploads\/2021\/12\/2021-12-10-14_51_33-Monday-Word.png?resize=790%2C1024&amp;ssl=1 790w, https:\/\/i0.wp.com\/ccrl-clrc.ca\/wp-content\/uploads\/2021\/12\/2021-12-10-14_51_33-Monday-Word.png?resize=648%2C840&amp;ssl=1 648w, https:\/\/i0.wp.com\/ccrl-clrc.ca\/wp-content\/uploads\/2021\/12\/2021-12-10-14_51_33-Monday-Word.png?resize=148%2C192&amp;ssl=1 148w, https:\/\/i0.wp.com\/ccrl-clrc.ca\/wp-content\/uploads\/2021\/12\/2021-12-10-14_51_33-Monday-Word.png?w=965&amp;ssl=1 965w\" sizes=\"auto, (max-width: 271px) 100vw, 271px\" \/><\/a><p id=\"caption-attachment-4039\" class=\"wp-caption-text\"><strong>Rapport annuel 2021 de la CLRC<\/strong><\/p><\/div>\n<div id=\"attachment_3665\" style=\"width: 281px\" class=\"wp-caption alignleft\"><a href=\"https:\/\/ccrl-clrc.ca\/wp-content\/uploads\/2020\/12\/CCRL-2019-2020-Annual-Report.pdf\"><img data-recalc-dims=\"1\" loading=\"lazy\" decoding=\"async\" aria-describedby=\"caption-attachment-3665\" class=\"wp-image-3161\" src=\"https:\/\/i0.wp.com\/ccrl-clrc.ca\/wp-content\/uploads\/2020\/12\/CCRL-2019-2020-Annual-Report_cover.png?resize=271%2C352&#038;ssl=1\" alt=\"Rapport annuel 2019-2020\" width=\"271\" height=\"352\" srcset=\"https:\/\/i0.wp.com\/ccrl-clrc.ca\/wp-content\/uploads\/2020\/12\/CCRL-2019-2020-Annual-Report_cover.png?resize=768%2C994&amp;ssl=1 768w, https:\/\/i0.wp.com\/ccrl-clrc.ca\/wp-content\/uploads\/2020\/12\/CCRL-2019-2020-Annual-Report_cover.png?resize=232%2C300&amp;ssl=1 232w, https:\/\/i0.wp.com\/ccrl-clrc.ca\/wp-content\/uploads\/2020\/12\/CCRL-2019-2020-Annual-Report_cover.png?resize=791%2C1024&amp;ssl=1 791w, https:\/\/i0.wp.com\/ccrl-clrc.ca\/wp-content\/uploads\/2020\/12\/CCRL-2019-2020-Annual-Report_cover.png?resize=1187%2C1536&amp;ssl=1 1187w, https:\/\/i0.wp.com\/ccrl-clrc.ca\/wp-content\/uploads\/2020\/12\/CCRL-2019-2020-Annual-Report_cover.png?resize=1200%2C1553&amp;ssl=1 1200w, https:\/\/i0.wp.com\/ccrl-clrc.ca\/wp-content\/uploads\/2020\/12\/CCRL-2019-2020-Annual-Report_cover.png?resize=648%2C839&amp;ssl=1 648w, https:\/\/i0.wp.com\/ccrl-clrc.ca\/wp-content\/uploads\/2020\/12\/CCRL-2019-2020-Annual-Report_cover.png?resize=148%2C192&amp;ssl=1 148w, https:\/\/i0.wp.com\/ccrl-clrc.ca\/wp-content\/uploads\/2020\/12\/CCRL-2019-2020-Annual-Report_cover.png?w=1275&amp;ssl=1 1275w\" sizes=\"auto, (max-width: 271px) 100vw, 271px\" \/><\/a><p id=\"caption-attachment-3665\" class=\"wp-caption-text\"><strong>Rapport annuel 2020 de la CLRC<\/strong><\/p><\/div>\n","protected":false},"excerpt":{"rendered":"<p>Cliquez sur les images ci-dessous pour acc\u00e9der et t\u00e9l\u00e9charger une copie de nos rapports annuels. Pour en savoir plus sur notre travail maintenant, visitez nos autres pages pour revoir nos projets en cours et engagement . &nbsp; &nbsp; &nbsp; &nbsp; &nbsp; &nbsp; &nbsp; &nbsp; &nbsp; &nbsp; &nbsp; &nbsp; &nbsp; &nbsp; &nbsp; &nbsp; &nbsp; &nbsp; &nbsp;<\/p>\n","protected":false},"author":29790131,"featured_media":0,"parent":3785,"menu_order":0,"comment_status":"closed","ping_status":"closed","template":"","meta":{"_acf_changed":false,"_et_pb_use_builder":"","_et_pb_old_content":"","_et_gb_content_width":"","_coblocks_attr":"","_coblocks_dimensions":"","_coblocks_responsive_height":"","_coblocks_accordion_ie_support":"","_crdt_document":"","footnotes":""},"class_list":["post-3793","page","type-page","status-publish","hentry"],"acf":[],"yoast_head":"<!-- This site is optimized with the Yoast SEO plugin v27.5 - https:\/\/yoast.com\/product\/yoast-seo-wordpress\/ -->\n<title>Rapport annuel - Le centre de litt\u00e9ratie religieuse civique<\/title>\n<meta name=\"description\" content=\"Nos rapports annuels pr\u00e9sentent un examen complet de nos progr\u00e8s. Visitez notre site pour t\u00e9l\u00e9charger une copie ou en savoir plus sur nos nouveaux projets.\" \/>\n<meta name=\"robots\" content=\"index, follow, max-snippet:-1, max-image-preview:large, max-video-preview:-1\" \/>\n<link rel=\"canonical\" href=\"https:\/\/ccrl-clrc.ca\/fr\/a-propos-de-nous-2\/rapport-annuel\/\" \/>\n<meta property=\"og:locale\" content=\"fr_FR\" \/>\n<meta property=\"og:type\" content=\"article\" \/>\n<meta property=\"og:title\" content=\"Rapport annuel - Le centre de litt\u00e9ratie religieuse civique\" \/>\n<meta property=\"og:description\" content=\"Nos rapports annuels pr\u00e9sentent un examen complet de nos progr\u00e8s. Visitez notre site pour t\u00e9l\u00e9charger une copie ou en savoir plus sur nos nouveaux projets.\" \/>\n<meta property=\"og:url\" content=\"https:\/\/ccrl-clrc.ca\/fr\/a-propos-de-nous-2\/rapport-annuel\/\" \/>\n<meta property=\"og:site_name\" content=\"Le centre de litt\u00e9ratie religieuse civique\" \/>\n<meta property=\"article:publisher\" content=\"https:\/\/www.facebook.com\/The-Centre-for-Civic-Religious-Literacy-2033697073383562\/\" \/>\n<meta property=\"article:modified_time\" content=\"2025-12-17T13:57:06+00:00\" \/>\n<meta property=\"og:image\" content=\"https:\/\/ccrl-clrc.ca\/wp-content\/uploads\/2025\/12\/2025-Annual-Report-cover-1024x790.png\" \/>\n<meta name=\"twitter:card\" content=\"summary_large_image\" \/>\n<meta name=\"twitter:site\" content=\"@CcrlClrc\" \/>\n<meta name=\"twitter:label1\" content=\"Dur\u00e9e de lecture estim\u00e9e\" \/>\n\t<meta name=\"twitter:data1\" content=\"1 minute\" \/>\n<script type=\"application\/ld+json\" class=\"yoast-schema-graph\">{\"@context\":\"https:\\\/\\\/schema.org\",\"@graph\":[{\"@type\":\"WebPage\",\"@id\":\"https:\\\/\\\/ccrl-clrc.ca\\\/fr\\\/a-propos-de-nous-2\\\/rapport-annuel\\\/\",\"url\":\"https:\\\/\\\/ccrl-clrc.ca\\\/fr\\\/a-propos-de-nous-2\\\/rapport-annuel\\\/\",\"name\":\"Rapport annuel - Le centre de litt\u00e9ratie religieuse civique\",\"isPartOf\":{\"@id\":\"https:\\\/\\\/ccrl-clrc.ca\\\/fr\\\/#website\"},\"primaryImageOfPage\":{\"@id\":\"https:\\\/\\\/ccrl-clrc.ca\\\/fr\\\/a-propos-de-nous-2\\\/rapport-annuel\\\/#primaryimage\"},\"image\":{\"@id\":\"https:\\\/\\\/ccrl-clrc.ca\\\/fr\\\/a-propos-de-nous-2\\\/rapport-annuel\\\/#primaryimage\"},\"thumbnailUrl\":\"https:\\\/\\\/ccrl-clrc.ca\\\/wp-content\\\/uploads\\\/2025\\\/12\\\/2025-Annual-Report-cover-1024x790.png\",\"datePublished\":\"2021-10-16T20:13:39+00:00\",\"dateModified\":\"2025-12-17T13:57:06+00:00\",\"description\":\"Nos rapports annuels pr\u00e9sentent un examen complet de nos progr\u00e8s. Visitez notre site pour t\u00e9l\u00e9charger une copie ou en savoir plus sur nos nouveaux projets.\",\"breadcrumb\":{\"@id\":\"https:\\\/\\\/ccrl-clrc.ca\\\/fr\\\/a-propos-de-nous-2\\\/rapport-annuel\\\/#breadcrumb\"},\"inLanguage\":\"fr-FR\",\"potentialAction\":[{\"@type\":\"ReadAction\",\"target\":[\"https:\\\/\\\/ccrl-clrc.ca\\\/fr\\\/a-propos-de-nous-2\\\/rapport-annuel\\\/\"]}]},{\"@type\":\"ImageObject\",\"inLanguage\":\"fr-FR\",\"@id\":\"https:\\\/\\\/ccrl-clrc.ca\\\/fr\\\/a-propos-de-nous-2\\\/rapport-annuel\\\/#primaryimage\",\"url\":\"https:\\\/\\\/ccrl-clrc.ca\\\/wp-content\\\/uploads\\\/2025\\\/12\\\/2025-Annual-Report-cover-1024x790.png\",\"contentUrl\":\"https:\\\/\\\/ccrl-clrc.ca\\\/wp-content\\\/uploads\\\/2025\\\/12\\\/2025-Annual-Report-cover-1024x790.png\"},{\"@type\":\"BreadcrumbList\",\"@id\":\"https:\\\/\\\/ccrl-clrc.ca\\\/fr\\\/a-propos-de-nous-2\\\/rapport-annuel\\\/#breadcrumb\",\"itemListElement\":[{\"@type\":\"ListItem\",\"position\":1,\"name\":\"Accueil\",\"item\":\"https:\\\/\\\/ccrl-clrc.ca\\\/fr\\\/le-centre-de-litteratie-religieuse-civique-2\\\/\"},{\"@type\":\"ListItem\",\"position\":2,\"name\":\"\u00e0 propos de nous\",\"item\":\"https:\\\/\\\/ccrl-clrc.ca\\\/fr\\\/?page_id=3785\"},{\"@type\":\"ListItem\",\"position\":3,\"name\":\"Rapport annuel\"}]},{\"@type\":\"WebSite\",\"@id\":\"https:\\\/\\\/ccrl-clrc.ca\\\/fr\\\/#website\",\"url\":\"https:\\\/\\\/ccrl-clrc.ca\\\/fr\\\/\",\"name\":\"Le centre de litt\u00e9ratie religieuse civique\",\"description\":\"Pour la promotion de la compr\u00e9hension au Canada\",\"publisher\":{\"@id\":\"https:\\\/\\\/ccrl-clrc.ca\\\/fr\\\/#organization\"},\"potentialAction\":[{\"@type\":\"SearchAction\",\"target\":{\"@type\":\"EntryPoint\",\"urlTemplate\":\"https:\\\/\\\/ccrl-clrc.ca\\\/fr\\\/?s={search_term_string}\"},\"query-input\":{\"@type\":\"PropertyValueSpecification\",\"valueRequired\":true,\"valueName\":\"search_term_string\"}}],\"inLanguage\":\"fr-FR\"},{\"@type\":\"Organization\",\"@id\":\"https:\\\/\\\/ccrl-clrc.ca\\\/fr\\\/#organization\",\"name\":\"Le centre de litt\u00e9ratie religieuse civique\",\"url\":\"https:\\\/\\\/ccrl-clrc.ca\\\/fr\\\/\",\"logo\":{\"@type\":\"ImageObject\",\"inLanguage\":\"fr-FR\",\"@id\":\"https:\\\/\\\/ccrl-clrc.ca\\\/fr\\\/#\\\/schema\\\/logo\\\/image\\\/\",\"url\":\"https:\\\/\\\/i2.wp.com\\\/ccrl-clrc.ca\\\/wp-content\\\/uploads\\\/2018\\\/10\\\/ccrl_logo.png?fit=1849%2C256&ssl=1\",\"contentUrl\":\"https:\\\/\\\/i2.wp.com\\\/ccrl-clrc.ca\\\/wp-content\\\/uploads\\\/2018\\\/10\\\/ccrl_logo.png?fit=1849%2C256&ssl=1\",\"width\":1849,\"height\":256,\"caption\":\"Le centre de litt\u00e9ratie religieuse civique\"},\"image\":{\"@id\":\"https:\\\/\\\/ccrl-clrc.ca\\\/fr\\\/#\\\/schema\\\/logo\\\/image\\\/\"},\"sameAs\":[\"https:\\\/\\\/www.facebook.com\\\/The-Centre-for-Civic-Religious-Literacy-2033697073383562\\\/\",\"https:\\\/\\\/x.com\\\/CcrlClrc\",\"https:\\\/\\\/www.instagram.com\\\/ccrl.clrc\\\/\",\"https:\\\/\\\/www.linkedin.com\\\/company\\\/ccrl-clrc\\\/\"]}]}<\/script>\n<!-- \/ Yoast SEO plugin. -->","yoast_head_json":{"title":"Rapport annuel - Le centre de litt\u00e9ratie religieuse civique","description":"Nos rapports annuels pr\u00e9sentent un examen complet de nos progr\u00e8s. Visitez notre site pour t\u00e9l\u00e9charger une copie ou en savoir plus sur nos nouveaux projets.","robots":{"index":"index","follow":"follow","max-snippet":"max-snippet:-1","max-image-preview":"max-image-preview:large","max-video-preview":"max-video-preview:-1"},"canonical":"https:\/\/ccrl-clrc.ca\/fr\/a-propos-de-nous-2\/rapport-annuel\/","og_locale":"fr_FR","og_type":"article","og_title":"Rapport annuel - Le centre de litt\u00e9ratie religieuse civique","og_description":"Nos rapports annuels pr\u00e9sentent un examen complet de nos progr\u00e8s. Visitez notre site pour t\u00e9l\u00e9charger une copie ou en savoir plus sur nos nouveaux projets.","og_url":"https:\/\/ccrl-clrc.ca\/fr\/a-propos-de-nous-2\/rapport-annuel\/","og_site_name":"Le centre de litt\u00e9ratie religieuse civique","article_publisher":"https:\/\/www.facebook.com\/The-Centre-for-Civic-Religious-Literacy-2033697073383562\/","article_modified_time":"2025-12-17T13:57:06+00:00","og_image":[{"url":"https:\/\/ccrl-clrc.ca\/wp-content\/uploads\/2025\/12\/2025-Annual-Report-cover-1024x790.png","type":"","width":"","height":""}],"twitter_card":"summary_large_image","twitter_site":"@CcrlClrc","twitter_misc":{"Dur\u00e9e de lecture estim\u00e9e":"1 minute"},"schema":{"@context":"https:\/\/schema.org","@graph":[{"@type":"WebPage","@id":"https:\/\/ccrl-clrc.ca\/fr\/a-propos-de-nous-2\/rapport-annuel\/","url":"https:\/\/ccrl-clrc.ca\/fr\/a-propos-de-nous-2\/rapport-annuel\/","name":"Rapport annuel - Le centre de litt\u00e9ratie religieuse civique","isPartOf":{"@id":"https:\/\/ccrl-clrc.ca\/fr\/#website"},"primaryImageOfPage":{"@id":"https:\/\/ccrl-clrc.ca\/fr\/a-propos-de-nous-2\/rapport-annuel\/#primaryimage"},"image":{"@id":"https:\/\/ccrl-clrc.ca\/fr\/a-propos-de-nous-2\/rapport-annuel\/#primaryimage"},"thumbnailUrl":"https:\/\/ccrl-clrc.ca\/wp-content\/uploads\/2025\/12\/2025-Annual-Report-cover-1024x790.png","datePublished":"2021-10-16T20:13:39+00:00","dateModified":"2025-12-17T13:57:06+00:00","description":"Nos rapports annuels pr\u00e9sentent un examen complet de nos progr\u00e8s. Visitez notre site pour t\u00e9l\u00e9charger une copie ou en savoir plus sur nos nouveaux projets.","breadcrumb":{"@id":"https:\/\/ccrl-clrc.ca\/fr\/a-propos-de-nous-2\/rapport-annuel\/#breadcrumb"},"inLanguage":"fr-FR","potentialAction":[{"@type":"ReadAction","target":["https:\/\/ccrl-clrc.ca\/fr\/a-propos-de-nous-2\/rapport-annuel\/"]}]},{"@type":"ImageObject","inLanguage":"fr-FR","@id":"https:\/\/ccrl-clrc.ca\/fr\/a-propos-de-nous-2\/rapport-annuel\/#primaryimage","url":"https:\/\/ccrl-clrc.ca\/wp-content\/uploads\/2025\/12\/2025-Annual-Report-cover-1024x790.png","contentUrl":"https:\/\/ccrl-clrc.ca\/wp-content\/uploads\/2025\/12\/2025-Annual-Report-cover-1024x790.png"},{"@type":"BreadcrumbList","@id":"https:\/\/ccrl-clrc.ca\/fr\/a-propos-de-nous-2\/rapport-annuel\/#breadcrumb","itemListElement":[{"@type":"ListItem","position":1,"name":"Accueil","item":"https:\/\/ccrl-clrc.ca\/fr\/le-centre-de-litteratie-religieuse-civique-2\/"},{"@type":"ListItem","position":2,"name":"\u00e0 propos de nous","item":"https:\/\/ccrl-clrc.ca\/fr\/?page_id=3785"},{"@type":"ListItem","position":3,"name":"Rapport annuel"}]},{"@type":"WebSite","@id":"https:\/\/ccrl-clrc.ca\/fr\/#website","url":"https:\/\/ccrl-clrc.ca\/fr\/","name":"Le centre de litt\u00e9ratie religieuse civique","description":"Pour la promotion de la compr\u00e9hension au Canada","publisher":{"@id":"https:\/\/ccrl-clrc.ca\/fr\/#organization"},"potentialAction":[{"@type":"SearchAction","target":{"@type":"EntryPoint","urlTemplate":"https:\/\/ccrl-clrc.ca\/fr\/?s={search_term_string}"},"query-input":{"@type":"PropertyValueSpecification","valueRequired":true,"valueName":"search_term_string"}}],"inLanguage":"fr-FR"},{"@type":"Organization","@id":"https:\/\/ccrl-clrc.ca\/fr\/#organization","name":"Le centre de litt\u00e9ratie religieuse civique","url":"https:\/\/ccrl-clrc.ca\/fr\/","logo":{"@type":"ImageObject","inLanguage":"fr-FR","@id":"https:\/\/ccrl-clrc.ca\/fr\/#\/schema\/logo\/image\/","url":"https:\/\/i2.wp.com\/ccrl-clrc.ca\/wp-content\/uploads\/2018\/10\/ccrl_logo.png?fit=1849%2C256&ssl=1","contentUrl":"https:\/\/i2.wp.com\/ccrl-clrc.ca\/wp-content\/uploads\/2018\/10\/ccrl_logo.png?fit=1849%2C256&ssl=1","width":1849,"height":256,"caption":"Le centre de litt\u00e9ratie religieuse civique"},"image":{"@id":"https:\/\/ccrl-clrc.ca\/fr\/#\/schema\/logo\/image\/"},"sameAs":["https:\/\/www.facebook.com\/The-Centre-for-Civic-Religious-Literacy-2033697073383562\/","https:\/\/x.com\/CcrlClrc","https:\/\/www.instagram.com\/ccrl.clrc\/","https:\/\/www.linkedin.com\/company\/ccrl-clrc\/"]}]}},"jetpack_likes_enabled":false,"jetpack_sharing_enabled":false,"jetpack_shortlink":"https:\/\/wp.me\/PafvDM-Zb","amp_enabled":true,"_links":{"self":[{"href":"https:\/\/ccrl-clrc.ca\/fr\/wp-json\/wp\/v2\/pages\/3793","targetHints":{"allow":["GET"]}}],"collection":[{"href":"https:\/\/ccrl-clrc.ca\/fr\/wp-json\/wp\/v2\/pages"}],"about":[{"href":"https:\/\/ccrl-clrc.ca\/fr\/wp-json\/wp\/v2\/types\/page"}],"author":[{"embeddable":true,"href":"https:\/\/ccrl-clrc.ca\/fr\/wp-json\/wp\/v2\/users\/29790131"}],"replies":[{"embeddable":true,"href":"https:\/\/ccrl-clrc.ca\/fr\/wp-json\/wp\/v2\/comments?post=3793"}],"version-history":[{"count":11,"href":"https:\/\/ccrl-clrc.ca\/fr\/wp-json\/wp\/v2\/pages\/3793\/revisions"}],"predecessor-version":[{"id":7587,"href":"https:\/\/ccrl-clrc.ca\/fr\/wp-json\/wp\/v2\/pages\/3793\/revisions\/7587"}],"up":[{"embeddable":true,"href":"https:\/\/ccrl-clrc.ca\/fr\/wp-json\/wp\/v2\/pages\/3785"}],"wp:attachment":[{"href":"https:\/\/ccrl-clrc.ca\/fr\/wp-json\/wp\/v2\/media?parent=3793"}],"curies":[{"name":"wp","href":"https:\/\/api.w.org\/{rel}","templated":true}]}}